{"id":1183,"date":"2021-04-15T07:28:44","date_gmt":"2021-04-15T07:28:44","guid":{"rendered":"https:\/\/www.camping-bleesbruck.lu\/home\/"},"modified":"2026-03-12T09:01:20","modified_gmt":"2026-03-12T09:01:20","slug":"home","status":"publish","type":"page","link":"https:\/\/www.camping-bleesbruck.lu\/fr\/","title":{"rendered":"Accueil"},"content":{"rendered":"<div class=\"container-fluid content-block white\" id=\"bienvenue\">\r\n                    <div class=\"container py-5\">\r\n                <div class=\"row\">\r\n                    <div class=\"col-lg-6 text\">\r\n                                                <span class=\"h3 wow fadeInDown\">Bienvenue<\/span>\r\n                                                                                                            <h2 class=\"wow fadeIn\" data-wow-delay=\".2s\">Camping Bleesbruck<\/h2>\r\n                                                                                                    <div class=\"text-content wow fadeIn \">\r\n                            <p>A la fronti\u00e8re entre le Gutland et l&rsquo;\u00d6sling, non loin des Ardennes, au lieu-dit <a href=\"https:\/\/camping-bleesbruck.lu\/fr\/contact\/\"><strong><em>\u201eBleesbreck\u201c<\/em><\/strong><\/a>, situ\u00e9 pr\u00e8s de Diekirch, vous trouverez le camping qui est d\u00e9j\u00e0 g\u00e9r\u00e9 par la <a href=\"https:\/\/camping-bleesbruck.lu\/fr\/a-propos\/\"><strong><em>Famille Hamen<\/em><\/strong><\/a> en 3\u00e8me g\u00e9n\u00e9ration.<\/p>\n<p>Au milieu de la verte nature, des arbres ombrag\u00e9s et au bord de la \u201eBlees\u201c vous trouverez un cadre uniquepour vous d\u00e9tendre et vous relaxer. Les amoureux de la nature se sentiront comme \u00e0 la maison chez nous. Ici, chacun peut explorer le Luxembourg, les Ardennes et la r\u00e9gion l&rsquo;Eifel \u00e0 sa mani\u00e8re. Que ce soit \u00e0 pied, en transports public ou \u00e0 v\u00e9lo, il y en a pour tous les go\u00fbts.<\/p>\n<p>D\u00e9couvrez une vari\u00e9t\u00e9 de <a href=\"https:\/\/camping-bleesbruck.lu\/fr\/impressions\/\"><strong><em>mus\u00e9es et d&rsquo;activit\u00e9s de loisirs<\/em><\/strong><\/a> dans les environs.<\/p>\n<p>&nbsp;<\/p>\n                                                    <\/div>\r\n                                                                                            <\/div>\r\n                    <div class=\"col-lg-6 images p-0 wow fadeIn\">\r\n                        <div class=\"content-carousel\">\r\n                                                        <div class=\"item\" style=\"background-image: url(https:\/\/www.camping-bleesbruck.lu\/wp-content\/uploads\/2021\/05\/komprimiert-1024x708.jpg);\"><\/div>\r\n                                                        <div class=\"item\" style=\"background-image: url(https:\/\/www.camping-bleesbruck.lu\/wp-content\/uploads\/2021\/06\/Spillplatz_2-1024x679.jpg);\"><\/div>\r\n                                                        <div class=\"item\" style=\"background-image: url(https:\/\/www.camping-bleesbruck.lu\/wp-content\/uploads\/2021\/06\/Camperplatz_1-1024x678.jpg);\"><\/div>\r\n                                                    <\/div>\r\n                    <\/div>\r\n                <\/div>\r\n            <\/div>\r\n            <\/div>\n\n<div class=\"container-fluid services grey py-5 text-center\">\r\n    <div class=\"container\">\r\n                        <div class=\"service-row partner-carousel\">\r\n                                <div class=\"service wow fadeIn\" data-wow-delay=\".1s\">\r\n                        <?xml version=\"1.0\" encoding=\"iso-8859-1\"?>\n<!-- Generator: Adobe Illustrator 19.0.0, SVG Export Plug-In . SVG Version: 6.00 Build 0)  -->\n<svg version=\"1.1\" id=\"Capa_1\" xmlns=\"http:\/\/www.w3.org\/2000\/svg\" xmlns:xlink=\"http:\/\/www.w3.org\/1999\/xlink\" x=\"0px\" y=\"0px\"\n\t viewBox=\"0 0 453.73 453.73\" style=\"enable-background:new 0 0 453.73 453.73;\" xml:space=\"preserve\">\n<g id=\"XMLID_13_\">\n\t<path id=\"XMLID_920_\" d=\"M226.865,42.821L0,410.91h453.73L226.865,42.821z M148.6,380.91l63.266-106.156V380.91H148.6z\n\t\t M241.865,380.91V274.753l63.266,106.156H241.865z M286.716,291.41h58.122L400,380.91h-59.945L286.716,291.41z M326.348,261.41\n\t\th-57.512l-41.971-70.425l-41.971,70.425h-57.512l99.482-161.411L326.348,261.41z M108.893,291.41h58.122l-53.339,89.5H53.73\n\t\tL108.893,291.41z\"\/>\n<\/g>\n<g>\n<\/g>\n<g>\n<\/g>\n<g>\n<\/g>\n<g>\n<\/g>\n<g>\n<\/g>\n<g>\n<\/g>\n<g>\n<\/g>\n<g>\n<\/g>\n<g>\n<\/g>\n<g>\n<\/g>\n<g>\n<\/g>\n<g>\n<\/g>\n<g>\n<\/g>\n<g>\n<\/g>\n<g>\n<\/g>\n<\/svg>\n                        <span class=\"title\">\r\n                            159 Emplacements                        <\/span>\r\n                    <\/div>\r\n                                        <div class=\"service wow fadeIn\" data-wow-delay=\".2s\">\r\n                        <?xml version=\"1.0\" encoding=\"iso-8859-1\"?>\n<!-- Generator: Adobe Illustrator 19.0.0, SVG Export Plug-In . SVG Version: 6.00 Build 0)  -->\n<svg version=\"1.1\" id=\"Capa_1\" xmlns=\"http:\/\/www.w3.org\/2000\/svg\" xmlns:xlink=\"http:\/\/www.w3.org\/1999\/xlink\" x=\"0px\" y=\"0px\"\n\t viewBox=\"0 0 450 450\" style=\"enable-background:new 0 0 450 450;\" xml:space=\"preserve\">\n<g id=\"XMLID_15_\">\n\t<path id=\"XMLID_898_\" d=\"M383.757,214.898l-44.177-47.332l80.217,0.047V167.5H420v-55c0-30.327-24.673-55-55-55H55\n\t\tc-30.327,0-55,24.673-55,55v180c0,29.278,22.997,53.279,51.875,54.905C58.521,373.303,82.06,392.5,110,392.5\n\t\tc27.906,0,51.424-19.15,58.102-45h113.797c6.678,25.85,30.195,45,58.102,45c27.906,0,51.424-19.15,58.102-45H445h5v-105\n\t\tL383.757,214.898z M340.481,212.5H300v-43.372L340.481,212.5z M140,332.5c0,16.542-13.458,30-30,30s-30-13.458-30-30\n\t\ts13.458-30,30-30S140,315.958,140,332.5z M370,332.5c0,16.542-13.458,30-30,30s-30-13.458-30-30s13.458-30,30-30\n\t\tS370,315.958,370,332.5z M398.102,317.5c-6.678-25.85-30.195-45-58.102-45c-27.906,0-51.424,19.15-58.102,45H168.102\n\t\tc-6.678-25.85-30.195-45-58.102-45c-27.836,0-51.302,19.057-58.047,44.808C39.601,315.799,30,305.254,30,292.5v-180\n\t\tc0-13.785,11.215-25,25-25h310c13.785,0,25,11.215,25,25v25h-0.203H225v30h45v75h102l48,20v55H398.102z\"\/>\n\t<path id=\"XMLID_904_\" d=\"M84.917,242.5h90v-100h-90V242.5z M114.917,172.5h30v40h-30V172.5z\"\/>\n<\/g>\n<g>\n<\/g>\n<g>\n<\/g>\n<g>\n<\/g>\n<g>\n<\/g>\n<g>\n<\/g>\n<g>\n<\/g>\n<g>\n<\/g>\n<g>\n<\/g>\n<g>\n<\/g>\n<g>\n<\/g>\n<g>\n<\/g>\n<g>\n<\/g>\n<g>\n<\/g>\n<g>\n<\/g>\n<g>\n<\/g>\n<\/svg>\n                        <span class=\"title\">\r\n                            4 Emplacements pour camping-cars                        <\/span>\r\n                    <\/div>\r\n                                        <div class=\"service wow fadeIn\" data-wow-delay=\".3s\">\r\n                        <?xml version=\"1.0\" encoding=\"iso-8859-1\"?>\n<!-- Generator: Adobe Illustrator 19.0.0, SVG Export Plug-In . SVG Version: 6.00 Build 0)  -->\n<svg version=\"1.1\" id=\"Capa_1\" xmlns=\"http:\/\/www.w3.org\/2000\/svg\" xmlns:xlink=\"http:\/\/www.w3.org\/1999\/xlink\" x=\"0px\" y=\"0px\"\n\t viewBox=\"0 0 429.999 429.999\" style=\"enable-background:new 0 0 429.999 429.999;\" xml:space=\"preserve\">\n<g id=\"XMLID_12_\">\n\t<path id=\"XMLID_928_\" d=\"M429.999,192.816h-29.036L214.999,17.183l-105,99.167V62.816H20v130H0v30h20v190h390v-190h19.999V192.816z\n\t\t M160.112,192.816l54.887-51.838l54.887,51.838H160.112z M313.578,192.816l-98.579-93.103l-98.579,93.103H79.999h-7.271\n\t\tL214.999,58.448l142.271,134.368H313.578z M199.999,222.816v80H50v-80H199.999z M50,332.816h30v50H50V332.816z M109.999,332.816h30\n\t\tv50h-30V332.816z M169.999,332.816h30v50h-30V332.816z M229.999,222.816h150v160h-150V222.816z M79.999,92.816v51.867l-30,28.334\n\t\tV92.816H79.999z\"\/>\n\t<path id=\"XMLID_938_\" d=\"M260,342.816h90v-90h-90V342.816z M290,282.816h30v30h-30V282.816z\"\/>\n<\/g>\n<g>\n<\/g>\n<g>\n<\/g>\n<g>\n<\/g>\n<g>\n<\/g>\n<g>\n<\/g>\n<g>\n<\/g>\n<g>\n<\/g>\n<g>\n<\/g>\n<g>\n<\/g>\n<g>\n<\/g>\n<g>\n<\/g>\n<g>\n<\/g>\n<g>\n<\/g>\n<g>\n<\/g>\n<g>\n<\/g>\n<\/svg>\n                        <span class=\"title\">\r\n                            13 Locations                        <\/span>\r\n                    <\/div>\r\n                                        <div class=\"service wow fadeIn\" data-wow-delay=\".4s\">\r\n                        <?xml version=\"1.0\" encoding=\"iso-8859-1\"?>\n<!-- Generator: Adobe Illustrator 21.0.0, SVG Export Plug-In . SVG Version: 6.00 Build 0)  -->\n<svg xmlns=\"http:\/\/www.w3.org\/2000\/svg\" xmlns:xlink=\"http:\/\/www.w3.org\/1999\/xlink\" version=\"1.1\" id=\"Capa_1\" x=\"0px\" y=\"0px\" viewBox=\"0 0 512.001 512.001\" style=\"enable-background:new 0 0 512.001 512.001;\" xml:space=\"preserve\" width=\"512\" height=\"512\">\n<g>\n\t<path d=\"M263.227,13.491c-0.834-8.242-8.197-14.248-16.434-13.414c-8.242,0.834-14.248,8.192-13.414,16.434   c13.212,130.558,14.616,129.383,9.955,143.571c-5.925,18.03-20.428,31.636-38.796,36.398c-6.787,1.76-11.45,7.987-11.228,14.996   l7.991,251.729c-0.11,10.383-8.591,18.795-18.999,18.795c-10.409,0-18.89-8.414-18.999-18.797l7.991-251.727   c0.223-7.009-4.44-13.236-11.228-14.996c-25.366-6.576-43.979-30.407-41.066-59.165l12.226-120.805   c0.834-8.242-5.171-15.6-13.413-16.434c-8.254-0.827-15.601,5.172-16.435,13.414L89.154,134.295   c-3.99,39.423,18.654,73.515,51.805,87.335l-7.647,240.895c-0.783,25.442,20.611,49.476,48.992,49.476   c28.266,0,49.779-23.915,48.992-49.476l-7.647-240.895c33.101-13.8,55.799-47.848,51.804-87.334L263.227,13.491z\"\/>\n\t<path d=\"M182.303,142.001c8.284,0,15-6.716,15-15v-112c0-8.284-6.716-15-15-15s-15,6.716-15,15v112   C167.303,135.285,174.019,142.001,182.303,142.001z\"\/>\n\t<path d=\"M408.303,0.001c-57.897,0-105,47.103-105,105v232c0,8.284,6.716,15,15,15h15v115c0,24.813,20.187,45,45,45s45-20.187,45-45   v-452C423.303,6.717,416.587,0.001,408.303,0.001z M393.303,467.001c0,8.271-6.729,15-15,15s-15-6.729-15-15v-115h30V467.001z    M393.303,322.001c-6.893,0-53.533,0-60,0v-217c0-36.219,25.81-66.524,60-73.493V322.001z\"\/>\n<\/g>\n\n\n\n\n\n\n\n\n\n\n\n\n\n\n\n<\/svg>\n                        <span class=\"title\">\r\n                             Restaurant                        <\/span>\r\n                    <\/div>\r\n                                        <div class=\"service wow fadeIn\" data-wow-delay=\".5s\">\r\n                        <?xml version=\"1.0\" encoding=\"iso-8859-1\"?>\n<!-- Generator: Adobe Illustrator 19.0.0, SVG Export Plug-In . SVG Version: 6.00 Build 0)  -->\n<svg version=\"1.1\" id=\"Capa_1\" xmlns=\"http:\/\/www.w3.org\/2000\/svg\" xmlns:xlink=\"http:\/\/www.w3.org\/1999\/xlink\" x=\"0px\" y=\"0px\"\n\t viewBox=\"0 0 405 405\" style=\"enable-background:new 0 0 405 405;\" xml:space=\"preserve\">\n<g id=\"XMLID_24_\">\n\t<g id=\"XMLID_524_\">\n\t\t<path id=\"XMLID_536_\" d=\"M317.5,135V45h-30V0h-30v45h-110V0h-30v45h-30v90h-60v210h60v60h230v-60h60V135H317.5z M87.5,315h-30v-90\n\t\t\th30V315z M87.5,195h-30v-30h30V195z M177.5,75h50v180h-50V75z M177.5,285h50v30h-50V285z M117.5,75h30v180h-30V75z M287.5,375\n\t\t\th-170v-90h30v60h110v-60h30V375z M287.5,255h-30V75h30V255z M317.5,165h30v30h-30V165z M347.5,225v90h-30v-90H347.5L347.5,225z\"\/>\n\t<\/g>\n<\/g>\n<g>\n<\/g>\n<g>\n<\/g>\n<g>\n<\/g>\n<g>\n<\/g>\n<g>\n<\/g>\n<g>\n<\/g>\n<g>\n<\/g>\n<g>\n<\/g>\n<g>\n<\/g>\n<g>\n<\/g>\n<g>\n<\/g>\n<g>\n<\/g>\n<g>\n<\/g>\n<g>\n<\/g>\n<g>\n<\/g>\n<\/svg>\n                        <span class=\"title\">\r\n                             Service de bagages                        <\/span>\r\n                    <\/div>\r\n                                        <div class=\"service wow fadeIn\" data-wow-delay=\".6s\">\r\n                        <?xml version=\"1.0\" encoding=\"iso-8859-1\"?>\n<!-- Generator: Adobe Illustrator 21.0.0, SVG Export Plug-In . SVG Version: 6.00 Build 0)  -->\n<svg xmlns=\"http:\/\/www.w3.org\/2000\/svg\" xmlns:xlink=\"http:\/\/www.w3.org\/1999\/xlink\" version=\"1.1\" id=\"Capa_1\" x=\"0px\" y=\"0px\" viewBox=\"0 0 512 512\" style=\"enable-background:new 0 0 512 512;\" xml:space=\"preserve\" width=\"512\" height=\"512\">\n<g>\n\t<path d=\"M275.999,144H146c-10.477,0-19,8.523-19,19v72.999c0,11.498,12.468,18.752,22.474,13.006l133.999-76.999   C296.743,164.38,291.307,144,275.999,144z M157,210.079V174h62.788L157,210.079z\"\/>\n\t<path d=\"M430,0H302c-8.284,0-15,6.716-15,15v71H148c-44.663,0-81,36.337-81,81v330c0,8.284,6.716,15,15,15h348   c8.284,0,15-6.716,15-15c0-11.185,0-477.417,0-482C445,6.716,438.284,0,430,0z M317,30h98v56h-98V30z M415,482H97V167   c0-28.121,22.879-51,51-51h267V482z\"\/>\n\t<path d=\"M202.606,270.394c-5.857-5.857-15.355-5.857-21.213,0c-5.858,5.857-5.858,15.355,0,21.213L234.787,345l-53.394,53.394   c-5.858,5.857-5.858,15.355,0,21.213c5.858,5.858,15.355,5.858,21.213,0L256,366.213l53.394,53.394   c5.858,5.858,15.355,5.858,21.213,0c5.858-5.857,5.858-15.355,0-21.213L277.213,345l53.394-53.394   c5.858-5.857,5.858-15.355,0-21.213c-5.857-5.857-15.355-5.857-21.213,0L256,323.787L202.606,270.394z\"\/>\n<\/g>\n\n\n\n\n\n\n\n\n\n\n\n\n\n\n\n<\/svg>\n                        <span class=\"title\">\r\n                             Station d&rsquo;essence \/ magasin                        <\/span>\r\n                    <\/div>\r\n                            <\/div>\r\n    <\/div>\r\n<\/div>\r\n\r\n\n\n<div class=\"container-fluid white py-5\">\r\n    <div class=\"container\">\r\n        <div class=\"row\">\r\n            <a href=\"https:\/\/camping-bleesbruck.lu\/fr\/reservation\/\" target=\"\" class=\"col-lg-9 panel_left wow fadeInLeft mb-5 mb-lg-0\" style=\"background-image: url(https:\/\/www.camping-bleesbruck.lu\/wp-content\/uploads\/2021\/04\/Platz_002-1024x683.jpg);\">\r\n                <span>\r\n                    <span class=\"h3\">Soyez notre invit\u00e9!<\/span>\r\n                    <h2>R\u00e9servation en ligne<\/h2>\r\n                    <h4>Ouvert du<\/h4>\n<h4>1er avril au 31 octobre<\/h4>\n<p>&nbsp;<\/p>\n<p>&nbsp;<\/p>\n                <\/span>\r\n            <\/a>\r\n\t\t\t            <a href=\"https:\/\/www.camping-bleesbruck.lu\/wp-content\/uploads\/2026\/03\/Plan2026-scaled.png\" target=\"_blank\" class=\"col-lg-3 panel_right text-center my-0 wow fadeInRight p-0 px-lg-3\">\r\n\t\t\t\t                <span>\r\n                    <p class=\"h3\">Camping<\/p>\r\n                    <h2>Plan<\/h2>\r\n                    <?xml version=\"1.0\" encoding=\"iso-8859-1\"?>\n<!-- Generator: Adobe Illustrator 19.0.0, SVG Export Plug-In . SVG Version: 6.00 Build 0)  -->\n<svg version=\"1.1\" id=\"Capa_1\" xmlns=\"http:\/\/www.w3.org\/2000\/svg\" xmlns:xlink=\"http:\/\/www.w3.org\/1999\/xlink\" x=\"0px\" y=\"0px\"\n\t viewBox=\"0 0 420 420\" style=\"enable-background:new 0 0 420 420;\" xml:space=\"preserve\">\n<g id=\"XMLID_11_\">\n\t<path id=\"XMLID_944_\" d=\"M310.937,127C307.234,74.547,263.38,33,210,33s-97.234,41.547-100.937,94H0v260h420V127H310.937z\n\t\t M390,283.81l-122.017-32.538c18.315-25.029,36.042-57.541,41.496-94.271H390V283.81z M138.804,134.195\n\t\tC138.804,94.938,170.743,63,210,63c39.257,0,71.196,31.938,71.196,71.195c0,62.81-49.907,117.251-71.213,137.627\n\t\tC188.666,251.496,138.804,197.208,138.804,134.195z M30,157h80.521c3.801,25.594,13.559,49.139,25.327,69.533L61.295,357H30V157z\n\t\t M95.848,357l58.569-102.495c22.094,29.352,44.286,47.644,46.127,49.139l9.456,7.68l9.456-7.68\n\t\tc1.316-1.069,13.044-10.732,27.696-26.88L390,314.857V357H95.848z\"\/>\n\t<path id=\"XMLID_950_\" d=\"M255,142c0-24.813-20.187-45-45-45s-45,20.187-45,45s20.187,45,45,45S255,166.814,255,142z M195,142\n\t\tc0-8.271,6.729-15,15-15s15,6.729,15,15s-6.729,15-15,15S195,150.271,195,142z\"\/>\n<\/g>\n<g>\n<\/g>\n<g>\n<\/g>\n<g>\n<\/g>\n<g>\n<\/g>\n<g>\n<\/g>\n<g>\n<\/g>\n<g>\n<\/g>\n<g>\n<\/g>\n<g>\n<\/g>\n<g>\n<\/g>\n<g>\n<\/g>\n<g>\n<\/g>\n<g>\n<\/g>\n<g>\n<\/g>\n<g>\n<\/g>\n<\/svg>\n                <\/span>\r\n            <\/a>\r\n        <\/div>\r\n    <\/div>\r\n<\/div>\n\n<div class=\"container-fluid grey py-5 text-center impression-container\">\r\n    <div class=\"container\">\r\n        <span class=\"h3 wow fadeInDown\" data-wow-delay=\".3s\">Aux alentours du camping<\/span>\r\n        <h2 class=\"wow fadeIn\">Activit\u00e9s &#038; Attractions touristiques<\/h2>\r\n        <div class=\"impression-carousel\">\r\n                                <a href=\"https:\/\/www.visit-diekirch.lu\/fr\/diekirch\/infos-utiles\/marche\" target=\"_blank\" class=\"item wow fadeIn\" data-wow-delay=\".0s\">\r\n                        <img decoding=\"async\" src=\"https:\/\/www.camping-bleesbruck.lu\/wp-content\/uploads\/2021\/06\/Wochen-dik.jpg\" alt=\"Activit\u00e9s &#038; Attractions touristiques\">\r\n                        <h3>March\u00e9 frais Diekirch<\/h3>\r\n                                            <\/a>\r\n                                        <a href=\"https:\/\/www.visit-diekirch.lu\/fr\/culture-loisirs\/sport-loisirs\/aire-de-jeux\" target=\"_blank\" class=\"item wow fadeIn\" data-wow-delay=\".1s\">\r\n                        <img decoding=\"async\" src=\"https:\/\/www.camping-bleesbruck.lu\/wp-content\/uploads\/2021\/06\/spielplatz-dik.jpg\" alt=\"Activit\u00e9s &#038; Attractions touristiques\">\r\n                        <h3>Aire-de-jeux Diekirch<\/h3>\r\n                                            <\/a>\r\n                                        <a href=\"https:\/\/www.visit-diekirch.lu\/fr\/culture-loisirs\/sport-loisirs\/parc-decouverte-de-la-nature\" target=\"_blank\" class=\"item wow fadeIn\" data-wow-delay=\".2s\">\r\n                        <img decoding=\"async\" src=\"https:\/\/www.camping-bleesbruck.lu\/wp-content\/uploads\/2021\/06\/esel.jpg\" alt=\"Activit\u00e9s &#038; Attractions touristiques\">\r\n                        <h3>Parc d\u00e9couverte de la nature<\/h3>\r\n                                            <\/a>\r\n                                        <a href=\"https:\/\/www.komoot.fr\/smarttour\/720367\" target=\"_blank\" class=\"item wow fadeIn\" data-wow-delay=\".3s\">\r\n                        <img decoding=\"async\" src=\"https:\/\/www.camping-bleesbruck.lu\/wp-content\/uploads\/2021\/06\/deiwel.jpg\" alt=\"Activit\u00e9s &#038; Attractions touristiques\">\r\n                        <h3>Deiwelselter Diekirch<\/h3>\r\n                                            <\/a>\r\n                                        <a href=\"https:\/\/www.mullerthal.lu\/fr\" target=\"_blank\" class=\"item wow fadeIn\" data-wow-delay=\".4s\">\r\n                        <img decoding=\"async\" src=\"https:\/\/www.camping-bleesbruck.lu\/wp-content\/uploads\/2021\/06\/muller.jpg\" alt=\"Activit\u00e9s &#038; Attractions touristiques\">\r\n                        <h3>M\u00fcllerthal (petite suisse)<\/h3>\r\n                                            <\/a>\r\n                                        <a href=\"https:\/\/www.visitluxembourg.com\/fr\/que-faire\" target=\"_blank\" class=\"item wow fadeIn\" data-wow-delay=\".5s\">\r\n                        <img decoding=\"async\" src=\"https:\/\/www.camping-bleesbruck.lu\/wp-content\/uploads\/2021\/06\/visit-lux.jpg\" alt=\"Activit\u00e9s &#038; Attractions touristiques\">\r\n                        <h3>D\u00e9couvrir le Luxembourg<\/h3>\r\n                                            <\/a>\r\n                                        <a href=\"https:\/\/www.stolzembourg.lu\/mine-de-cuivre\/visite\/\" target=\"_blank\" class=\"item wow fadeIn\" data-wow-delay=\".6s\">\r\n                        <img decoding=\"async\" src=\"https:\/\/www.camping-bleesbruck.lu\/wp-content\/uploads\/2021\/06\/stolzem.jpg\" alt=\"Activit\u00e9s &#038; Attractions touristiques\">\r\n                        <h3>Mine de cuivre Stolzemburg<\/h3>\r\n                                            <\/a>\r\n                                        <a href=\"https:\/\/www.visit-eislek.lu\/fr\" target=\"_blank\" class=\"item wow fadeIn\" data-wow-delay=\".7s\">\r\n                        <img decoding=\"async\" src=\"https:\/\/www.camping-bleesbruck.lu\/wp-content\/uploads\/2021\/06\/eislek.jpg\" alt=\"Activit\u00e9s &#038; Attractions touristiques\">\r\n                        <h3>D\u00e9couvrir le Nord<\/h3>\r\n                                            <\/a>\r\n                                        <a href=\"https:\/\/www.aquanatour.lu\/?lang=fr\" target=\"_blank\" class=\"item wow fadeIn\" data-wow-delay=\".8s\">\r\n                        <img decoding=\"async\" src=\"https:\/\/www.camping-bleesbruck.lu\/wp-content\/uploads\/2021\/06\/hosingern.jpg\" alt=\"Activit\u00e9s &#038; Attractions touristiques\">\r\n                        <h3>Piscine Hosingen<\/h3>\r\n                                            <\/a>\r\n                                        <a href=\"https:\/\/www.museebinsfeld.lu\/?lang=fr\" target=\"_blank\" class=\"item wow fadeIn\" data-wow-delay=\".9s\">\r\n                        <img decoding=\"async\" src=\"https:\/\/www.camping-bleesbruck.lu\/wp-content\/uploads\/2021\/06\/musee-binsf.jpg\" alt=\"Activit\u00e9s &#038; Attractions touristiques\">\r\n                        <h3>Mus\u00e9e: Rural<\/h3>\r\n                                            <\/a>\r\n                                        <a href=\"https:\/\/castle-vianden.lu\/\" target=\"_blank\" class=\"item wow fadeIn\" data-wow-delay=\".10s\">\r\n                        <img decoding=\"async\" src=\"https:\/\/www.camping-bleesbruck.lu\/wp-content\/uploads\/2021\/04\/ViandenCastle_autumm-1-von-1-scaled-1-1024x679.jpg\" alt=\"Activit\u00e9s &#038; Attractions touristiques\">\r\n                        <h3>Ch\u00e2teau Vianden<\/h3>\r\n                                            <\/a>\r\n                                        <a href=\"https:\/\/cnvh.lu\/\" target=\"_blank\" class=\"item wow fadeIn\" data-wow-delay=\".11s\">\r\n                        <img decoding=\"async\" src=\"https:\/\/www.camping-bleesbruck.lu\/wp-content\/uploads\/2021\/04\/slideshow-site-2-1024x576.jpg\" alt=\"Activit\u00e9s &#038; Attractions touristiques\">\r\n                        <h3>Mus\u00e9e: CNVH<\/h3>\r\n                                            <\/a>\r\n                                        <a href=\"https:\/\/parc-merveilleux.lu\/\" target=\"_blank\" class=\"item wow fadeIn\" data-wow-delay=\".12s\">\r\n                        <img decoding=\"async\" src=\"https:\/\/www.camping-bleesbruck.lu\/wp-content\/uploads\/2021\/04\/Pfau.jpg\" alt=\"Activit\u00e9s &#038; Attractions touristiques\">\r\n                        <h3>Parc Merveilleux Bettembourg<\/h3>\r\n                                            <\/a>\r\n                                        <a href=\"https:\/\/www.visit-diekirch.lu\/fr\/culture-loisirs\/sport-loisirs\/parcours-fitness\" target=\"_blank\" class=\"item wow fadeIn\" data-wow-delay=\".13s\">\r\n                        <img decoding=\"async\" src=\"https:\/\/www.camping-bleesbruck.lu\/wp-content\/uploads\/2021\/06\/fitness.jpg\" alt=\"Activit\u00e9s &#038; Attractions touristiques\">\r\n                        <h3>Parcours fitness Diekirch<\/h3>\r\n                                            <\/a>\r\n                                        <a href=\"https:\/\/www.visit-diekirch.lu\/fr\/culture-loisirs\/sport-loisirs\/tennis\" target=\"_blank\" class=\"item wow fadeIn\" data-wow-delay=\".14s\">\r\n                        <img decoding=\"async\" src=\"https:\/\/www.camping-bleesbruck.lu\/wp-content\/uploads\/2021\/06\/tennis.jpg\" alt=\"Activit\u00e9s &#038; Attractions touristiques\">\r\n                        <h3>Tennis Diekirch<\/h3>\r\n                                            <\/a>\r\n                                        <a href=\"https:\/\/www.visitluxembourg.com\/de\/veranstaltung\/bounekiermes-zu-ettelbrueck\" target=\"_blank\" class=\"item wow fadeIn\" data-wow-delay=\".15s\">\r\n                        <img decoding=\"async\" src=\"https:\/\/www.camping-bleesbruck.lu\/wp-content\/uploads\/2021\/06\/kiermes.jpg\" alt=\"Activit\u00e9s &#038; Attractions touristiques\">\r\n                        <h3>Kermesse Ettelbruck<\/h3>\r\n                                            <\/a>\r\n                                        <a href=\"http:\/\/www.luxem.beer\/fr\/1\/actualites\/\" target=\"_blank\" class=\"item wow fadeIn\" data-wow-delay=\".16s\">\r\n                        <img decoding=\"async\" src=\"https:\/\/www.camping-bleesbruck.lu\/wp-content\/uploads\/2021\/06\/brauerei-1024x733.jpg\" alt=\"Activit\u00e9s &#038; Attractions touristiques\">\r\n                        <h3>Mus\u00e9e: Brassicole de Diekirch<\/h3>\r\n                                            <\/a>\r\n                                        <a href=\"https:\/\/ettelbruck.lu\/visiteur\/visiter\/shopping\/marche-hebdomadaire\/\" target=\"_blank\" class=\"item wow fadeIn\" data-wow-delay=\".17s\">\r\n                        <img decoding=\"async\" src=\"https:\/\/www.camping-bleesbruck.lu\/wp-content\/uploads\/2021\/06\/ettelbr-1.jpg\" alt=\"Activit\u00e9s &#038; Attractions touristiques\">\r\n                        <h3>March\u00e9 frais Ettelbruck<\/h3>\r\n                                            <\/a>\r\n                                        <a href=\"https:\/\/ettelbruck.lu\/visiteur\/visiter\/culture\/lieu-de-memoire-monument-patton\/\" target=\"_blank\" class=\"item wow fadeIn\" data-wow-delay=\".18s\">\r\n                        <img decoding=\"async\" src=\"https:\/\/www.camping-bleesbruck.lu\/wp-content\/uploads\/2021\/06\/patton-1.jpg\" alt=\"Activit\u00e9s &#038; Attractions touristiques\">\r\n                        <h3>Monument Patton<\/h3>\r\n                                            <\/a>\r\n                                        <a href=\"https:\/\/www.patton.lu\/\" target=\"_blank\" class=\"item wow fadeIn\" data-wow-delay=\".19s\">\r\n                        <img decoding=\"async\" src=\"https:\/\/www.camping-bleesbruck.lu\/wp-content\/uploads\/2021\/06\/patton.jpg\" alt=\"Activit\u00e9s &#038; Attractions touristiques\">\r\n                        <h3>Mus\u00e9e: General Patton Memorial Ettelbruck<\/h3>\r\n                                            <\/a>\r\n                                        <a href=\"https:\/\/travaux.public.lu\/fr\/reseau-cyclable\/itineraires-nationaux.html\" target=\"_blank\" class=\"item wow fadeIn\" data-wow-delay=\".20s\">\r\n                        <img decoding=\"async\" src=\"https:\/\/www.camping-bleesbruck.lu\/wp-content\/uploads\/2021\/06\/fahrr.png\" alt=\"Activit\u00e9s &#038; Attractions touristiques\">\r\n                        <h3>R\u00e9seau cyclable national<\/h3>\r\n                                            <\/a>\r\n                                        <a href=\"https:\/\/castle-vianden.lu\/fr\/events\/mittelalterfest\/\" target=\"_blank\" class=\"item wow fadeIn\" data-wow-delay=\".21s\">\r\n                        <img decoding=\"async\" src=\"https:\/\/www.camping-bleesbruck.lu\/wp-content\/uploads\/2021\/06\/mittelalter.jpg\" alt=\"Activit\u00e9s &#038; Attractions touristiques\">\r\n                        <h3>Festival medieveal Vianden<\/h3>\r\n                                            <\/a>\r\n                                        <a href=\"https:\/\/www.visit-vianden.lu\/fr\/culture-loisir\/minigolf\" target=\"_blank\" class=\"item wow fadeIn\" data-wow-delay=\".22s\">\r\n                        <img decoding=\"async\" src=\"https:\/\/www.camping-bleesbruck.lu\/wp-content\/uploads\/2021\/06\/minigolf.jpg\" alt=\"Activit\u00e9s &#038; Attractions touristiques\">\r\n                        <h3>Minigolf Vianden<\/h3>\r\n                                            <\/a>\r\n                                        <a href=\"http:\/\/www.flps.lu\/data\/vorschriftenzusammenfassung\/files\/files\/1561020004_6460431_zusammenfassung-flps-binnengewaesser.pdf\" target=\"_blank\" class=\"item wow fadeIn\" data-wow-delay=\".23s\">\r\n                        <img decoding=\"async\" src=\"https:\/\/www.camping-bleesbruck.lu\/wp-content\/uploads\/2021\/06\/angeln.jpg\" alt=\"Activit\u00e9s &#038; Attractions touristiques\">\r\n                        <h3>P\u00eache sur la S\u00fbre et ses environs<\/h3>\r\n                                            <\/a>\r\n                                        <a href=\"https:\/\/www.visitmoselle.lu\/fr\/que-faire\/randonnees\" target=\"_blank\" class=\"item wow fadeIn\" data-wow-delay=\".24s\">\r\n                        <img decoding=\"async\" src=\"https:\/\/www.camping-bleesbruck.lu\/wp-content\/uploads\/2021\/06\/visit-mosel.png\" alt=\"Activit\u00e9s &#038; Attractions touristiques\">\r\n                        <h3>D\u00e9couvrir l&rsquo;Est<\/h3>\r\n                                            <\/a>\r\n                                        <a href=\"https:\/\/www.visitminett.lu\/fr\" target=\"_blank\" class=\"item wow fadeIn\" data-wow-delay=\".25s\">\r\n                        <img decoding=\"async\" src=\"https:\/\/www.camping-bleesbruck.lu\/wp-content\/uploads\/2021\/06\/minett.png\" alt=\"Activit\u00e9s &#038; Attractions touristiques\">\r\n                        <h3>D\u00e9couvrir le Sud<\/h3>\r\n                                            <\/a>\r\n                                        <a href=\"http:\/\/www.cinescala.lu\/\" target=\"_blank\" class=\"item wow fadeIn\" data-wow-delay=\".26s\">\r\n                        <img decoding=\"async\" src=\"https:\/\/www.camping-bleesbruck.lu\/wp-content\/uploads\/2021\/06\/kinpo.jpg\" alt=\"Activit\u00e9s &#038; Attractions touristiques\">\r\n                        <h3>Cin\u00e9ma Diekirch<\/h3>\r\n                                            <\/a>\r\n                                        <a href=\"https:\/\/nordpool.lu\/\" target=\"_blank\" class=\"item wow fadeIn\" data-wow-delay=\".27s\">\r\n                        <img decoding=\"async\" src=\"https:\/\/www.camping-bleesbruck.lu\/wp-content\/uploads\/2021\/06\/colmar.jpg\" alt=\"Activit\u00e9s &#038; Attractions touristiques\">\r\n                        <h3>Piscine Colmar-berg<\/h3>\r\n                                            <\/a>\r\n                                        <a href=\"https:\/\/www.krounebierg.lu\/online\/www\/nav-content\/home\/FRE\/index.html\" target=\"_blank\" class=\"item wow fadeIn\" data-wow-delay=\".28s\">\r\n                        <img decoding=\"async\" src=\"https:\/\/www.camping-bleesbruck.lu\/wp-content\/uploads\/2021\/06\/KROUNEBIERG.jpg\" alt=\"Activit\u00e9s &#038; Attractions touristiques\">\r\n                        <h3>Piscine Mersch<\/h3>\r\n                                            <\/a>\r\n                                        <a href=\"http:\/\/www.reidener-schwemm.lu\/fr\/piscine--la-piscine\" target=\"_blank\" class=\"item wow fadeIn\" data-wow-delay=\".29s\">\r\n                        <img decoding=\"async\" src=\"https:\/\/www.camping-bleesbruck.lu\/wp-content\/uploads\/2021\/06\/reiden.jpg\" alt=\"Activit\u00e9s &#038; Attractions touristiques\">\r\n                        <h3>Piscine Reiden<\/h3>\r\n                                            <\/a>\r\n                                        <a href=\"http:\/\/www.diekirch-valkenswaard.nl\/\" target=\"_blank\" class=\"item wow fadeIn\" data-wow-delay=\".30s\">\r\n                        <img decoding=\"async\" src=\"https:\/\/www.camping-bleesbruck.lu\/wp-content\/uploads\/2021\/06\/valkensward.jpg\" alt=\"Activit\u00e9s &#038; Attractions touristiques\">\r\n                        <h3>Diekirch-Valkenswaard<\/h3>\r\n                                            <\/a>\r\n                                        <a href=\"http:\/\/www.mnhm.net\/mnhm\/index.php\/visit\" target=\"_blank\" class=\"item wow fadeIn\" data-wow-delay=\".31s\">\r\n                        <img decoding=\"async\" src=\"https:\/\/www.camping-bleesbruck.lu\/wp-content\/uploads\/2021\/04\/mussse-mil.jpg\" alt=\"Activit\u00e9s &#038; Attractions touristiques\">\r\n                        <h3>Mus\u00e9e: MNHM<\/h3>\r\n                                            <\/a>\r\n                                        <a href=\"http:\/\/www.aldikkrich.lu\/\" target=\"_blank\" class=\"item wow fadeIn\" data-wow-delay=\".32s\">\r\n                        <img decoding=\"async\" src=\"https:\/\/www.camping-bleesbruck.lu\/wp-content\/uploads\/2021\/04\/aal-dik.jpg\" alt=\"Activit\u00e9s &#038; Attractions touristiques\">\r\n                        <h3>Aal Dikkrich<\/h3>\r\n                                            <\/a>\r\n                                        <a href=\"https:\/\/www.rentabike.lu\/index.php\/\" target=\"_blank\" class=\"item wow fadeIn\" data-wow-delay=\".33s\">\r\n                        <img decoding=\"async\" src=\"https:\/\/www.camping-bleesbruck.lu\/wp-content\/uploads\/2021\/04\/rent-a-bike.png\" alt=\"Activit\u00e9s &#038; Attractions touristiques\">\r\n                        <h3>Rent a Bike Diekirch<\/h3>\r\n                                            <\/a>\r\n                                        <a href=\"http:\/\/www.mhsd.lu\/\" target=\"_blank\" class=\"item wow fadeIn\" data-wow-delay=\".34s\">\r\n                        <img decoding=\"async\" src=\"https:\/\/www.camping-bleesbruck.lu\/wp-content\/uploads\/2021\/04\/musee-hist.png\" alt=\"Activit\u00e9s &#038; Attractions touristiques\">\r\n                        <h3>Mus\u00e9e: MHSD<\/h3>\r\n                                            <\/a>\r\n                                        <a href=\"https:\/\/www.visitluxembourg.com\/fr\/adresse\/specialevents\/procession-dansante-echternach\" target=\"_blank\" class=\"item wow fadeIn\" data-wow-delay=\".35s\">\r\n                        <img decoding=\"async\" src=\"https:\/\/www.camping-bleesbruck.lu\/wp-content\/uploads\/2021\/04\/springproz.jpg\" alt=\"Activit\u00e9s &#038; Attractions touristiques\">\r\n                        <h3>Procession dansante Echternach<\/h3>\r\n                                            <\/a>\r\n                                        <a href=\"https:\/\/www.visitluxembourg.com\/fr\/adresse\/specialevents\/schueberfouer\" target=\"_blank\" class=\"item wow fadeIn\" data-wow-delay=\".36s\">\r\n                        <img decoding=\"async\" src=\"https:\/\/www.camping-bleesbruck.lu\/wp-content\/uploads\/2021\/04\/schueberfouer.jpg\" alt=\"Activit\u00e9s &#038; Attractions touristiques\">\r\n                        <h3>Schueberfouer<\/h3>\r\n                                            <\/a>\r\n                                        <a href=\"http:\/\/marche.lu\/#!\/en\/home\" target=\"_blank\" class=\"item wow fadeIn\" data-wow-delay=\".37s\">\r\n                        <img decoding=\"async\" src=\"https:\/\/www.camping-bleesbruck.lu\/wp-content\/uploads\/2021\/04\/marche-int.jpg\" alt=\"Activit\u00e9s &#038; Attractions touristiques\">\r\n                        <h3>Marche internationale de Diekirch<\/h3>\r\n                                            <\/a>\r\n                            <\/div>\r\n        <a class=\"btn btn-primary wow fadeInUp\" href=\"https:\/\/camping-bleesbruck.lu\/fr\/impressions\/\" target=\"\">\r\n            <span>Plus \u00e0 d\u00e9couvrir<\/span>\r\n        <\/a>\r\n    <\/div>\r\n<\/div>\n\n<div class=\"container-fluid content-block white\" id=\"testimonials\">\r\n                    <div class=\"container py-5\">\r\n                <div class=\"row\">\r\n                    <div class=\"col-lg-6 text\">\r\n                                                <span class=\"h3 wow fadeInDown\">Testimonials<\/span>\r\n                                                                                                            <h2 class=\"wow fadeIn\" data-wow-delay=\".2s\">Ce que nos clients disent!<\/h2>\r\n                                                                                                    <div class=\"testimonial-carousel wow fadeIn\">\r\n                                                                <div class=\"item\">\r\n                                        <div class=\"content\">\r\n                                            <!-- wp:paragraph -->\n<p>Eigentlich wollte ich nur zwei Tage bleiben, trotz regnerischen Wetters sind es dann vier geworden. In der Umgebung gibts viel zu sehen und Diekirch bzw. der ausgezeichnete Sauer &#8211; Bahntrassenradweg sind nur 1-2 Kilometer entfernt.<br>Wegen des Corona- Ausnahmezustands hatte der Innenbereich (Rezeption und Restaurant) noch geschlossen, aber im n\u00e4chsten Ort Gilsdorf habe ich mein Stammcafe gefunden.Saubere und ruhige Atmosph\u00e4re, weitl\u00e4ufiger Campingbereich und gro\u00dfz\u00fcgig bemessene Parzellen. Seperater Nudistenbereich, Tankstelle direkt vorm Platz.<\/p>\n<!-- \/wp:paragraph -->                                        <\/div>\r\n                                        <div class=\"info\">\r\n                                            <div class=\"info-text\">\r\n                                                <p class=\"name\">Herr Lohrmann<\/p>\r\n                                                <p>Deutschland<\/p>\r\n                                            <\/div>\r\n                                        <\/div>\r\n                                    <\/div>\r\n                                                                        <div class=\"item\">\r\n                                        <div class=\"content\">\r\n                                            <!-- wp:paragraph -->\n<p>Tolle und sehr gepflegte Anlage. Sehr famili\u00e4r. Campingg\u00e4ste immer sehr freundlich. Platzbetreiber sind herzlich und sehr sympathisch. Wir kommen sehr gerne dorthin.<\/p>\n<!-- \/wp:paragraph -->                                        <\/div>\r\n                                        <div class=\"info\">\r\n                                            <div class=\"info-text\">\r\n                                                <p class=\"name\">Familie Schlicker<\/p>\r\n                                                <p>Deutschland<\/p>\r\n                                            <\/div>\r\n                                        <\/div>\r\n                                    <\/div>\r\n                                                                        <div class=\"item\">\r\n                                        <div class=\"content\">\r\n                                            <!-- wp:paragraph -->\n<p>Ein sehr sch\u00f6ner Platz mit gro\u00dfen Parzellen<\/p>\n<!-- \/wp:paragraph -->                                        <\/div>\r\n                                        <div class=\"info\">\r\n                                            <div class=\"info-text\">\r\n                                                <p class=\"name\">Familie Klockhaus<\/p>\r\n                                                <p>Deutschland<\/p>\r\n                                            <\/div>\r\n                                        <\/div>\r\n                                    <\/div>\r\n                                                                        <div class=\"item\">\r\n                                        <div class=\"content\">\r\n                                            <!-- wp:paragraph -->\n<p>Stayed in the hiking house &#8211; very nicely equipped and comfortable. Good sanitary access.<\/p>\n<!-- \/wp:paragraph -->                                        <\/div>\r\n                                        <div class=\"info\">\r\n                                            <div class=\"info-text\">\r\n                                                <p class=\"name\">Anonymous hiker<\/p>\r\n                                                <p>Nederland<\/p>\r\n                                            <\/div>\r\n                                        <\/div>\r\n                                    <\/div>\r\n                                                                        <div class=\"item\">\r\n                                        <div class=\"content\">\r\n                                            <!-- wp:paragraph -->\n<p>Die Ferienwohnung ist sehr ruhig gelegen und sehr gut ausgestattet. Es gibt eine sch\u00f6ne Terasse. Da neben dem Grund\u00fcck eine Kuhweide liegt, schauten manchmal die K\u00fche \u00fcber den Zaun. Das ist sehr nett. Die Ausstattung ist super. Einen sehr gro\u00dfen K\u00fcchen\/Wohnbereich mit einer hervorragend ausgestatteten K\u00fcche.<\/p>\n<!-- \/wp:paragraph -->                                        <\/div>\r\n                                        <div class=\"info\">\r\n                                            <div class=\"info-text\">\r\n                                                <p class=\"name\">Dr. Christiane<\/p>\r\n                                                <p>Deutschland<\/p>\r\n                                            <\/div>\r\n                                        <\/div>\r\n                                    <\/div>\r\n                                                                        <div class=\"item\">\r\n                                        <div class=\"content\">\r\n                                            <!-- wp:paragraph -->\n<p>Gepflegter Campingplatz mit hervorragenden Einrichtungen. Restaurant ist auf jeden Fall zu empfehlen. Netter Familienbetrieb.<\/p>\n<!-- \/wp:paragraph -->                                        <\/div>\r\n                                        <div class=\"info\">\r\n                                            <div class=\"info-text\">\r\n                                                <p class=\"name\">Ester<\/p>\r\n                                                <p>Niederlande<\/p>\r\n                                            <\/div>\r\n                                        <\/div>\r\n                                    <\/div>\r\n                                                                        <div class=\"item\">\r\n                                        <div class=\"content\">\r\n                                            <!-- wp:paragraph -->\n<p>Ieder jaar is het, voor ons, weer een gevoel van thuiskomen op een veilige plek met warme mensen omgeven te zijn.<\/p>\n<!-- \/wp:paragraph -->                                        <\/div>\r\n                                        <div class=\"info\">\r\n                                            <div class=\"info-text\">\r\n                                                <p class=\"name\">Familie Pellis<\/p>\r\n                                                <p>Nederland<\/p>\r\n                                            <\/div>\r\n                                        <\/div>\r\n                                    <\/div>\r\n                                                                        <div class=\"item\">\r\n                                        <div class=\"content\">\r\n                                            <!-- wp:paragraph -->\n<p>Zeer ruime plaatsen en vriendelijk personeel. Sanitair is ruim en schoon. Ook een hele handige extra ruimte voor baby\u2019s. Kids hebben zich heerlijk vermaakt in de speeltuin en in de rivier. Het is rustig en dichtbij prachtige wandelroutes.<\/p>\n<!-- \/wp:paragraph -->                                        <\/div>\r\n                                        <div class=\"info\">\r\n                                            <div class=\"info-text\">\r\n                                                <p class=\"name\">Familie Smulders<\/p>\r\n                                                <p>Nederland<\/p>\r\n                                            <\/div>\r\n                                        <\/div>\r\n                                    <\/div>\r\n                                                                        <div class=\"item\">\r\n                                        <div class=\"content\">\r\n                                            <!-- wp:paragraph -->\n<p>Freundliche Betreiber, Platz sehr sauber und gepflegt, zentrale Lage und mit allem was man braucht ausgestattet. Preislich passt es auch. Wir hatten einen guten Urlaub dort verbracht. Gru\u00df nach Bleesbruck<\/p>\n<!-- \/wp:paragraph -->                                        <\/div>\r\n                                        <div class=\"info\">\r\n                                            <div class=\"info-text\">\r\n                                                <p class=\"name\">Herr Althausen<\/p>\r\n                                                <p>Deutschland<\/p>\r\n                                            <\/div>\r\n                                        <\/div>\r\n                                    <\/div>\r\n                                                            <\/div>\r\n                                                                    <\/div>\r\n                    <div class=\"col-lg-6 images p-0 wow fadeIn\">\r\n                        <div class=\"content-carousel\">\r\n                                                        <div class=\"item\" style=\"background-image: url(https:\/\/www.camping-bleesbruck.lu\/wp-content\/uploads\/2021\/06\/Design-ohne-Titel.png);\"><\/div>\r\n                                                    <\/div>\r\n                    <\/div>\r\n                <\/div>\r\n            <\/div>\r\n            <\/div>\n\n<div class=\"container-fluid py-5 grey\">\r\n    <div class=\"container\">\r\n        <div class=\"partner-carousel\">\r\n                                    <div class=\"item grey wow fadeIn\" data-wow-delay=\".0s\">\r\n                                                        <a target=\"_blank\" href=\"https:\/\/www.camping.lu\/\">\r\n                                <img decoding=\"async\" src=\"https:\/\/www.camping-bleesbruck.lu\/wp-content\/uploads\/2021\/12\/Logo-Camping.lu_-1024x217.jpg\" alt=\"Logo Camping.lu\">\r\n                            <\/a>\r\n                                                    <\/div>\r\n                                                <div class=\"item grey wow fadeIn\" data-wow-delay=\".1s\">\r\n                                                        <a target=\"_blank\" href=\"https:\/\/www.visit-eislek.lu\/\">\r\n                                <img decoding=\"async\" src=\"https:\/\/www.camping-bleesbruck.lu\/wp-content\/uploads\/2021\/04\/EISLEK_LABEL.jpg\" alt=\"EISLEK_LABEL\">\r\n                            <\/a>\r\n                                                    <\/div>\r\n                                                <div class=\"item grey wow fadeIn\" data-wow-delay=\".2s\">\r\n                                                        <a target=\"_blank\" href=\"https:\/\/www.visit-eislek.lu\/de\/natur-erleben\/wandern-im-eislek\/wanderfreundliche-gastgeber\">\r\n                                <img decoding=\"async\" src=\"https:\/\/www.camping-bleesbruck.lu\/wp-content\/uploads\/2025\/01\/Label-Qualitatsgastgeber-WEB.svg\" alt=\"Label - Qualit\u00e4tsgastgeber - WEB\">\r\n                            <\/a>\r\n                                                    <\/div>\r\n                                                <div class=\"item grey wow fadeIn\" data-wow-delay=\".3s\">\r\n                                                        <a target=\"_blank\" href=\"https:\/\/www.naturpark-our.lu\/\">\r\n                                <img decoding=\"async\" src=\"https:\/\/www.camping-bleesbruck.lu\/wp-content\/uploads\/2021\/04\/OUR_LABEL.jpg\" alt=\"Logo NaturPark Our RGB\">\r\n                            <\/a>\r\n                                                    <\/div>\r\n                                                <div class=\"item grey wow fadeIn\" data-wow-delay=\".4s\">\r\n                                                        <a target=\"_blank\" href=\"https:\/\/www.sdk.lu\/\">\r\n                                <img decoding=\"async\" src=\"https:\/\/www.camping-bleesbruck.lu\/wp-content\/uploads\/2021\/04\/SDK_LABEL-1024x554.jpg\" alt=\"SDK_LABEL\">\r\n                            <\/a>\r\n                                                    <\/div>\r\n                                                <div class=\"item grey wow fadeIn\" data-wow-delay=\".5s\">\r\n                                                        <a target=\"_blank\" href=\"https:\/\/www.visitardenne.com\/de\">\r\n                                <img decoding=\"async\" src=\"https:\/\/www.camping-bleesbruck.lu\/wp-content\/uploads\/2021\/04\/ARDENNE_LABEL.png\" alt=\"ARDENNE_LABEL\">\r\n                            <\/a>\r\n                                                    <\/div>\r\n                                                <div class=\"item grey wow fadeIn\" data-wow-delay=\".6s\">\r\n                                                        <a target=\"_blank\" href=\"http:\/\/www.eurewelcome.com\/\">\r\n                                <img decoding=\"async\" src=\"https:\/\/www.camping-bleesbruck.lu\/wp-content\/uploads\/2023\/12\/LABEL_EUREWELCOME_HORIZONTAL_CMYK.jpeg\" alt=\"LABEL_EUREWELCOME_HORIZONTAL_CMYK\">\r\n                            <\/a>\r\n                                                    <\/div>\r\n                                <\/div>\r\n    <\/div>\r\n<\/div>","protected":false},"excerpt":{"rendered":"","protected":false},"author":1,"featured_media":87,"parent":0,"menu_order":1,"comment_status":"closed","ping_status":"closed","template":"","meta":{"_acf_changed":false,"footnotes":""},"class_list":["post-1183","page","type-page","status-publish","has-post-thumbnail","hentry"],"acf":[],"yoast_head":"<!-- This site is optimized with the Yoast SEO plugin v27.5 - https:\/\/yoast.com\/product\/yoast-seo-wordpress\/ -->\n<title>Accueil - Camping Bleesbruck<\/title>\n<meta name=\"description\" content=\"D\u00e9couvrez le Luxembourg! Nous proposons des locations, des emplacements pour tentes, camping-cars ou caravanes. Un espace nudiste s\u00e9par\u00e9.\" \/>\n<meta name=\"robots\" content=\"index, follow, max-snippet:-1, max-image-preview:large, max-video-preview:-1\" \/>\n<link rel=\"canonical\" href=\"https:\/\/www.camping-bleesbruck.lu\/fr\/\" \/>\n<meta property=\"og:locale\" content=\"fr_FR\" \/>\n<meta property=\"og:type\" content=\"article\" \/>\n<meta property=\"og:title\" content=\"Accueil - Camping Bleesbruck\" \/>\n<meta property=\"og:description\" content=\"D\u00e9couvrez le Luxembourg! Nous proposons des locations, des emplacements pour tentes, camping-cars ou caravanes. Un espace nudiste s\u00e9par\u00e9.\" \/>\n<meta property=\"og:url\" content=\"https:\/\/www.camping-bleesbruck.lu\/fr\/\" \/>\n<meta property=\"og:site_name\" content=\"Camping Bleesbruck\" \/>\n<meta property=\"article:modified_time\" content=\"2026-03-12T09:01:20+00:00\" \/>\n<meta property=\"og:image\" content=\"https:\/\/www.camping-bleesbruck.lu\/wp-content\/uploads\/2021\/04\/Platz_002.jpg\" \/>\n\t<meta property=\"og:image:width\" content=\"2560\" \/>\n\t<meta property=\"og:image:height\" content=\"1707\" \/>\n\t<meta property=\"og:image:type\" content=\"image\/jpeg\" \/>\n<meta name=\"twitter:card\" content=\"summary_large_image\" \/>\n<meta name=\"twitter:label1\" content=\"Dur\u00e9e de lecture estim\u00e9e\" \/>\n\t<meta name=\"twitter:data1\" content=\"1 minute\" \/>\n<script type=\"application\/ld+json\" class=\"yoast-schema-graph\">{\"@context\":\"https:\\\/\\\/schema.org\",\"@graph\":[{\"@type\":\"WebPage\",\"@id\":\"https:\\\/\\\/www.camping-bleesbruck.lu\\\/fr\\\/\",\"url\":\"https:\\\/\\\/www.camping-bleesbruck.lu\\\/fr\\\/\",\"name\":\"Accueil - Camping Bleesbruck\",\"isPartOf\":{\"@id\":\"https:\\\/\\\/www.camping-bleesbruck.lu\\\/#website\"},\"primaryImageOfPage\":{\"@id\":\"https:\\\/\\\/www.camping-bleesbruck.lu\\\/fr\\\/#primaryimage\"},\"image\":{\"@id\":\"https:\\\/\\\/www.camping-bleesbruck.lu\\\/fr\\\/#primaryimage\"},\"thumbnailUrl\":\"https:\\\/\\\/www.camping-bleesbruck.lu\\\/wp-content\\\/uploads\\\/2021\\\/04\\\/Platz_002.jpg\",\"datePublished\":\"2021-04-15T07:28:44+00:00\",\"dateModified\":\"2026-03-12T09:01:20+00:00\",\"description\":\"D\u00e9couvrez le Luxembourg! Nous proposons des locations, des emplacements pour tentes, camping-cars ou caravanes. Un espace nudiste s\u00e9par\u00e9.\",\"breadcrumb\":{\"@id\":\"https:\\\/\\\/www.camping-bleesbruck.lu\\\/fr\\\/#breadcrumb\"},\"inLanguage\":\"fr-FR\",\"potentialAction\":[{\"@type\":\"ReadAction\",\"target\":[\"https:\\\/\\\/www.camping-bleesbruck.lu\\\/fr\\\/\"]}]},{\"@type\":\"ImageObject\",\"inLanguage\":\"fr-FR\",\"@id\":\"https:\\\/\\\/www.camping-bleesbruck.lu\\\/fr\\\/#primaryimage\",\"url\":\"https:\\\/\\\/www.camping-bleesbruck.lu\\\/wp-content\\\/uploads\\\/2021\\\/04\\\/Platz_002.jpg\",\"contentUrl\":\"https:\\\/\\\/www.camping-bleesbruck.lu\\\/wp-content\\\/uploads\\\/2021\\\/04\\\/Platz_002.jpg\",\"width\":2560,\"height\":1707,\"caption\":\"Eingang Camping\"},{\"@type\":\"BreadcrumbList\",\"@id\":\"https:\\\/\\\/www.camping-bleesbruck.lu\\\/fr\\\/#breadcrumb\",\"itemListElement\":[{\"@type\":\"ListItem\",\"position\":1,\"name\":\"Home\",\"item\":\"https:\\\/\\\/www.camping-bleesbruck.lu\\\/fr\\\/\"},{\"@type\":\"ListItem\",\"position\":2,\"name\":\"Accueil\"}]},{\"@type\":\"WebSite\",\"@id\":\"https:\\\/\\\/www.camping-bleesbruck.lu\\\/#website\",\"url\":\"https:\\\/\\\/www.camping-bleesbruck.lu\\\/\",\"name\":\"Camping Bleesbruck\",\"description\":\"Just another WordPress site\",\"potentialAction\":[{\"@type\":\"SearchAction\",\"target\":{\"@type\":\"EntryPoint\",\"urlTemplate\":\"https:\\\/\\\/www.camping-bleesbruck.lu\\\/?s={search_term_string}\"},\"query-input\":{\"@type\":\"PropertyValueSpecification\",\"valueRequired\":true,\"valueName\":\"search_term_string\"}}],\"inLanguage\":\"fr-FR\"}]}<\/script>\n<!-- \/ Yoast SEO plugin. -->","yoast_head_json":{"title":"Accueil - Camping Bleesbruck","description":"D\u00e9couvrez le Luxembourg! Nous proposons des locations, des emplacements pour tentes, camping-cars ou caravanes. Un espace nudiste s\u00e9par\u00e9.","robots":{"index":"index","follow":"follow","max-snippet":"max-snippet:-1","max-image-preview":"max-image-preview:large","max-video-preview":"max-video-preview:-1"},"canonical":"https:\/\/www.camping-bleesbruck.lu\/fr\/","og_locale":"fr_FR","og_type":"article","og_title":"Accueil - Camping Bleesbruck","og_description":"D\u00e9couvrez le Luxembourg! Nous proposons des locations, des emplacements pour tentes, camping-cars ou caravanes. Un espace nudiste s\u00e9par\u00e9.","og_url":"https:\/\/www.camping-bleesbruck.lu\/fr\/","og_site_name":"Camping Bleesbruck","article_modified_time":"2026-03-12T09:01:20+00:00","og_image":[{"width":2560,"height":1707,"url":"https:\/\/www.camping-bleesbruck.lu\/wp-content\/uploads\/2021\/04\/Platz_002.jpg","type":"image\/jpeg"}],"twitter_card":"summary_large_image","twitter_misc":{"Dur\u00e9e de lecture estim\u00e9e":"1 minute"},"schema":{"@context":"https:\/\/schema.org","@graph":[{"@type":"WebPage","@id":"https:\/\/www.camping-bleesbruck.lu\/fr\/","url":"https:\/\/www.camping-bleesbruck.lu\/fr\/","name":"Accueil - Camping Bleesbruck","isPartOf":{"@id":"https:\/\/www.camping-bleesbruck.lu\/#website"},"primaryImageOfPage":{"@id":"https:\/\/www.camping-bleesbruck.lu\/fr\/#primaryimage"},"image":{"@id":"https:\/\/www.camping-bleesbruck.lu\/fr\/#primaryimage"},"thumbnailUrl":"https:\/\/www.camping-bleesbruck.lu\/wp-content\/uploads\/2021\/04\/Platz_002.jpg","datePublished":"2021-04-15T07:28:44+00:00","dateModified":"2026-03-12T09:01:20+00:00","description":"D\u00e9couvrez le Luxembourg! Nous proposons des locations, des emplacements pour tentes, camping-cars ou caravanes. Un espace nudiste s\u00e9par\u00e9.","breadcrumb":{"@id":"https:\/\/www.camping-bleesbruck.lu\/fr\/#breadcrumb"},"inLanguage":"fr-FR","potentialAction":[{"@type":"ReadAction","target":["https:\/\/www.camping-bleesbruck.lu\/fr\/"]}]},{"@type":"ImageObject","inLanguage":"fr-FR","@id":"https:\/\/www.camping-bleesbruck.lu\/fr\/#primaryimage","url":"https:\/\/www.camping-bleesbruck.lu\/wp-content\/uploads\/2021\/04\/Platz_002.jpg","contentUrl":"https:\/\/www.camping-bleesbruck.lu\/wp-content\/uploads\/2021\/04\/Platz_002.jpg","width":2560,"height":1707,"caption":"Eingang Camping"},{"@type":"BreadcrumbList","@id":"https:\/\/www.camping-bleesbruck.lu\/fr\/#breadcrumb","itemListElement":[{"@type":"ListItem","position":1,"name":"Home","item":"https:\/\/www.camping-bleesbruck.lu\/fr\/"},{"@type":"ListItem","position":2,"name":"Accueil"}]},{"@type":"WebSite","@id":"https:\/\/www.camping-bleesbruck.lu\/#website","url":"https:\/\/www.camping-bleesbruck.lu\/","name":"Camping Bleesbruck","description":"Just another WordPress site","potentialAction":[{"@type":"SearchAction","target":{"@type":"EntryPoint","urlTemplate":"https:\/\/www.camping-bleesbruck.lu\/?s={search_term_string}"},"query-input":{"@type":"PropertyValueSpecification","valueRequired":true,"valueName":"search_term_string"}}],"inLanguage":"fr-FR"}]}},"_links":{"self":[{"href":"https:\/\/www.camping-bleesbruck.lu\/fr\/wp-json\/wp\/v2\/pages\/1183","targetHints":{"allow":["GET"]}}],"collection":[{"href":"https:\/\/www.camping-bleesbruck.lu\/fr\/wp-json\/wp\/v2\/pages"}],"about":[{"href":"https:\/\/www.camping-bleesbruck.lu\/fr\/wp-json\/wp\/v2\/types\/page"}],"author":[{"embeddable":true,"href":"https:\/\/www.camping-bleesbruck.lu\/fr\/wp-json\/wp\/v2\/users\/1"}],"replies":[{"embeddable":true,"href":"https:\/\/www.camping-bleesbruck.lu\/fr\/wp-json\/wp\/v2\/comments?post=1183"}],"version-history":[{"count":84,"href":"https:\/\/www.camping-bleesbruck.lu\/fr\/wp-json\/wp\/v2\/pages\/1183\/revisions"}],"predecessor-version":[{"id":12593,"href":"https:\/\/www.camping-bleesbruck.lu\/fr\/wp-json\/wp\/v2\/pages\/1183\/revisions\/12593"}],"wp:featuredmedia":[{"embeddable":true,"href":"https:\/\/www.camping-bleesbruck.lu\/fr\/wp-json\/wp\/v2\/media\/87"}],"wp:attachment":[{"href":"https:\/\/www.camping-bleesbruck.lu\/fr\/wp-json\/wp\/v2\/media?parent=1183"}],"curies":[{"name":"wp","href":"https:\/\/api.w.org\/{rel}","templated":true}]}}