{"id":2201,"date":"2021-04-19T11:57:01","date_gmt":"2021-04-19T11:57:01","guid":{"rendered":"https:\/\/www.camping-bleesbruck.lu\/stellplatz-vermietung\/"},"modified":"2026-04-15T11:23:57","modified_gmt":"2026-04-15T11:23:57","slug":"camping","status":"publish","type":"page","link":"https:\/\/www.camping-bleesbruck.lu\/nl\/camping\/","title":{"rendered":"De Camping"},"content":{"rendered":"<div class=\"container-fluid content-block white\" id=\"camping-bleesbruck\">\r\n                    <div class=\"container py-5\">\r\n                <div class=\"row\">\r\n                    <div class=\"col-lg-6 text\">\r\n                                                <span class=\"h3 wow fadeInDown\">Camping Bleesbruck<\/span>\r\n                                                                                                            <h2 class=\"wow fadeIn\" data-wow-delay=\".2s\">Wat wij aanbieden<\/h2>\r\n                                                                                                    <div class=\"text-content wow fadeIn \">\r\n                            <p><strong>\u201eNaast de camping wordt momenteel een fietspad gebouwd, wat in de toekomst voor nog meer comfort zal zorgen. Wij vragen uw begrip voor eventuele overlast.\u201c<\/strong><\/p>\n<p>Een goed onderhouden terrein, met veel groen en prachtige bloemen, wacht op u.<\/p>\n<p>Sanitair gebouw, babyruimte, voorzieningen voor rolstoelgebruikers, wasmachines, servicestation voor campers, klein restaurant, terras, snacks om mee te nemen, en benzinestation met winkel bij de ingang. U vindt er ook een speeltuin, jeu de boules baan, volleybal, sportveld, springkasteel voor de kleintjes, bagageservice voor wandelaars, Wifi op het terrein.<\/p>\n<p>Van de gewone <a href=\"#kampeerplaats\"><strong>campingplaats<\/strong><\/a>, tot verschillende <a href=\"#onze-huurobjecten\"><strong>huurobjecten<\/strong><\/a> of een afgescheiden <a href=\"#naturistenterrein\"><strong>naturistenterrein<\/strong><\/a> vindt u bij ons.<\/p>\n<h3>Rustig, Gezellig, Compact, Korte wegen, Natuur, Veel bomen, Schaduwrijke plaatsen<\/h3>\n<p>Aan de oevers van de &#8220;Blees&#8221; wacht u een uniek kader om te verwijlen en uit te rusten.<br \/>\nNatuurliefhebbers voelen zich bij ons thuis. Van hieruit kan iedereen Luxemburg en de Ardennen &#8211; Eifel op zijn eigen manier ontdekken<br \/>\n<strong>GR 5 wandelaars<\/strong> zijn welkom om bij ons te pauzeren. <strong>Diekirch<\/strong> ligt op 2 km van de camping en is te voet, met de fiets of met de bus te bereiken. De bushalte bevindt zich direct bij de ingang van de camping. <strong>Fiets- en wandelroutes<\/strong> zijn in de buurt.<\/p>\n                                                    <\/div>\r\n                                                                                            <\/div>\r\n                    <div class=\"col-lg-6 images p-0 wow fadeIn\">\r\n                        <div class=\"content-carousel\">\r\n                                                        <div class=\"item\" style=\"background-image: url(https:\/\/www.camping-bleesbruck.lu\/wp-content\/uploads\/2021\/04\/CasaVino_003-683x1024.jpg);\"><\/div>\r\n                                                    <\/div>\r\n                    <\/div>\r\n                <\/div>\r\n            <\/div>\r\n            <\/div>\n\n<div class=\"container-fluid content-block blue\" id=\"onze-huurobjecten\">\r\n                    <div class=\"container text-center py-5\">\r\n                                <span class=\"h3 wow fadeInDown\">Onze huurobjecten<\/span>\r\n                                                <h2 class=\"wow fadeIn\" data-wow-delay=\".2s\">Verhuur<\/h2>\r\n                                                <div class=\"wow fadeIn\">\r\n                    <p>Van een comfortabele stacaravan tot een slaapvat of een vakantiewoning. Voor elk budget en interesse is er bij ons iets te huur. Vind nu uw perfecte accommodatie.<\/p>\n                <\/div>\r\n                                                    <div class=\"documents\">\r\n                                                                <a class=\"btn-secondary docs wow fadeInUp\" data-wow-delay=\".0s\" target=\"_blank\" href=\"https:\/\/www.camping-bleesbruck.lu\/wp-content\/uploads\/2025\/10\/Vermietung_NLD_26.pdf\">\r\n                            <span>Prijzen verhuurobjecten<\/span>\r\n                        <\/a>\r\n                                                                    <a class=\"btn-secondary docs wow fadeInUp\" data-wow-delay=\".1s\" target=\"_blank\" href=\"https:\/\/www.camping-bleesbruck.lu\/wp-content\/uploads\/2025\/10\/KONDITIONEN_26_NLD_huur.pdf\">\r\n                            <span>Reserveringsvoorwaarden<\/span>\r\n                        <\/a>\r\n                                                                <\/div>\r\n                                            <\/div>\r\n            <\/div>\n\n<div class=\"container-fluid content-block grey\" id=\"stacaravan\">\r\n            <div class=\"modal fade content-block_f989e061365cc4da14df09683bf6522a-modal\" tabindex=\"-1\" role=\"dialog\" aria-labelledby=\"content-block_f989e061365cc4da14df09683bf6522a-modal\" aria-hidden=\"true\">\r\n            <div class=\"modal-dialog modal-lg\">\r\n                <div class=\"modal-content\">\r\n                    <div class=\"modal-header\">\r\n                        <button type=\"button\" class=\"close\" data-dismiss=\"modal\" aria-label=\"Close\">\r\n                            <i class=\"fas fa-times\"><\/i>\r\n                        <\/button>\r\n                    <\/div>\r\n                    <div class=\"row m-0\">\r\n                        <div class=\"col-lg-6 text pt-0 py-lg-5 pb-5 px-5\">\r\n                                                        <span class=\"h3 wow fadeInDown\">Stacaravan<\/span>\r\n                                                                                    <h2 >Gezellige stacaravans te huur<\/h2>\r\n                                                        <div class=\"text-content\">\r\n                                <p>Verhuur van 01.04 tot 15.10<\/p>\n<ul>\n<li>1-3 slaapkamers, met een tweepersoonsbed en een eenpersoonsbed kamer<\/li>\n<li>Badkamer, ingerichte keuken en eethoek<\/li>\n<li>Elke stacaravan heeft tuinmeubilair en een parkeerplaats<\/li>\n<li>2 stacaravans voor max. 4 personen<\/li>\n<li>1 stacaravan voor max 2 personen<\/li>\n<li>1 stacaravan voor max. 5 personen &amp; 1 kind<\/li>\n<li><strong>Beddengoed inbegrepen<\/strong><\/li>\n<li><strong>Handdoeken zijn niet inbegrepen<\/strong><\/li>\n<li><strong>Geen huisdieren toegelaten<\/strong><\/li>\n<\/ul>\n<h3>Prijzen per dag<\/h3>\n<table style=\"height: 315px;\" width=\"464\" data-mce-style=\"height: 315px;\" class=\"mce-item-table\">\n<tbody>\n<tr>\n<td><strong>&nbsp;<\/strong><\/td>\n<td><strong>Voor\/ Naseizoen<\/strong><\/td>\n<td><strong>Hoogseizoen<\/strong><\/td>\n<\/tr>\n<tr>\n<td>1 &#8211; 4 personen (per dag)<\/td>\n<td>95,00 \u20ac<\/td>\n<td>140,00 \u20ac<\/td>\n<\/tr>\n<tr>\n<td>Schoonmaak<\/td>\n<td>40,00 \u20ac<\/td>\n<td>40,00 \u20ac<\/td>\n<\/tr>\n<tr>\n<td>Reserveringskosten<\/td>\n<td>10,00 \u20ac<\/td>\n<td>10,00 \u20ac<\/td>\n<\/tr>\n<tr>\n<td>Borg (cash)<\/td>\n<td>50,00 \u20ac<\/td>\n<td>50,00 \u20ac<\/td>\n<\/tr>\n<\/tbody>\n<\/table>\n<div class=\"ce-text\">\n<p>Beddengoed inklusief, Handdoeken 5,00\u20ac\/pers. OP AANVRAAG<\/p>\n<p><strong>Voorseizoen: 01.04. &#8211; 28.06.2026&nbsp; Hoogseizoen: 29.06. &#8211; 23.08.2026<\/strong><\/p>\n<p><strong>Naseizoen: 24.08. &#8211; 31.10.2026<\/strong><\/p>\n<\/div>\n                                                                    <div class=\"documents\">\r\n                                                                                                                <a class=\"btn-secondary\" data-wow-delay=\".0s\" target=\"_blank\" href=\"https:\/\/www.camping-bleesbruck.lu\/wp-content\/uploads\/2025\/10\/Vermietung_NLD_26.pdf\">\r\n                                            <span>Prijzen en voorwaarden<\/span>\r\n                                        <\/a>\r\n                                                                                                                    <a class=\"btn-secondary\" data-wow-delay=\".1s\" target=\"_blank\" href=\"https:\/\/www.camping-bleesbruck.lu\/wp-content\/uploads\/2024\/11\/Inventar_Mobilhome.pdf\">\r\n                                            <span>Inventaris<\/span>\r\n                                        <\/a>\r\n                                                                                                                <\/div>\r\n                                                            <\/div>\r\n                                                        <a class=\"btn btn-primary\" data-wow-delay=\".6s\" href=\"https:\/\/camping-bleesbruck.lu\/nl\/reservering\/\" target=\"\">\r\n                                <span>Reserveren<\/span>\r\n                            <\/a>\r\n                                                    <\/div>\r\n                        <div class=\"col-lg-6 images p-0\">\r\n                            <div class=\"content-carousel\">\r\n                                                                <div class=\"item\" style=\"background-image: url(https:\/\/www.camping-bleesbruck.lu\/wp-content\/uploads\/2021\/04\/Mobilhome_005-768x1024.jpg);\"><\/div>\r\n                                                                <div class=\"item\" style=\"background-image: url(https:\/\/www.camping-bleesbruck.lu\/wp-content\/uploads\/2021\/04\/Mobilhome_006-768x1024.jpg);\"><\/div>\r\n                                                                <div class=\"item\" style=\"background-image: url(https:\/\/www.camping-bleesbruck.lu\/wp-content\/uploads\/2021\/04\/Mobilhome_007-1024x683.jpg);\"><\/div>\r\n                                                                <div class=\"item\" style=\"background-image: url(https:\/\/www.camping-bleesbruck.lu\/wp-content\/uploads\/2021\/04\/Mobilhome_001-1024x683.jpg);\"><\/div>\r\n                                                                <div class=\"item\" style=\"background-image: url(https:\/\/www.camping-bleesbruck.lu\/wp-content\/uploads\/2021\/04\/Mobilhome_002-1024x768.jpg);\"><\/div>\r\n                                                                <div class=\"item\" style=\"background-image: url(https:\/\/www.camping-bleesbruck.lu\/wp-content\/uploads\/2021\/04\/Mobilhome_003-768x1024.jpg);\"><\/div>\r\n                                                                <div class=\"item\" style=\"background-image: url(https:\/\/www.camping-bleesbruck.lu\/wp-content\/uploads\/2021\/04\/Mobilhome_004-768x1024.jpg);\"><\/div>\r\n                                                            <\/div>\r\n                        <\/div>\r\n                    <\/div>\r\n                <\/div>\r\n            <\/div>\r\n        <\/div>   \r\n                    <div class=\"container py-5\">\r\n                <div class=\"row\">\r\n                    <div class=\"col-lg-6 text\">\r\n                                                <span class=\"h3 wow fadeInDown\">Stacaravan<\/span>\r\n                                                                                                            <h2 class=\"wow fadeIn\" data-wow-delay=\".2s\">Gezellige stacaravans te huur<\/h2>\r\n                                                                                                    <div class=\"text-content wow fadeIn content-cut\">\r\n                            <p>Verhuur van 01.04 tot 15.10<\/p>\n<ul>\n<li>1-3 slaapkamers, met een tweepersoonsbed en een eenpersoonsbed kamer<\/li>\n<li>Badkamer, ingerichte keuken en eethoek<\/li>\n<li>Elke stacaravan heeft tuinmeubilair en een parkeerplaats<\/li>\n<li>2 stacaravans voor max. 4 personen<\/li>\n<li>1 stacaravan voor max 2 personen<\/li>\n<li>1 stacaravan voor max. 5 personen &amp; 1 kind<\/li>\n<li><strong>Beddengoed inbegrepen<\/strong><\/li>\n<li><strong>Handdoeken zijn niet inbegrepen<\/strong><\/li>\n<li><strong>Geen huisdieren toegelaten<\/strong><\/li>\n<\/ul>\n<h3>Prijzen per dag<\/h3>\n<table style=\"height: 315px;\" width=\"464\" data-mce-style=\"height: 315px;\" class=\"mce-item-table\">\n<tbody>\n<tr>\n<td><strong>&nbsp;<\/strong><\/td>\n<td><strong>Voor\/ Naseizoen<\/strong><\/td>\n<td><strong>Hoogseizoen<\/strong><\/td>\n<\/tr>\n<tr>\n<td>1 &#8211; 4 personen (per dag)<\/td>\n<td>95,00 \u20ac<\/td>\n<td>140,00 \u20ac<\/td>\n<\/tr>\n<tr>\n<td>Schoonmaak<\/td>\n<td>40,00 \u20ac<\/td>\n<td>40,00 \u20ac<\/td>\n<\/tr>\n<tr>\n<td>Reserveringskosten<\/td>\n<td>10,00 \u20ac<\/td>\n<td>10,00 \u20ac<\/td>\n<\/tr>\n<tr>\n<td>Borg (cash)<\/td>\n<td>50,00 \u20ac<\/td>\n<td>50,00 \u20ac<\/td>\n<\/tr>\n<\/tbody>\n<\/table>\n<div class=\"ce-text\">\n<p>Beddengoed inklusief, Handdoeken 5,00\u20ac\/pers. OP AANVRAAG<\/p>\n<p><strong>Voorseizoen: 01.04. &#8211; 28.06.2026&nbsp; Hoogseizoen: 29.06. &#8211; 23.08.2026<\/strong><\/p>\n<p><strong>Naseizoen: 24.08. &#8211; 31.10.2026<\/strong><\/p>\n<\/div>\n                                                            <div class=\"documents\">\r\n                                                                                                    <a class=\"btn-secondary docs wow fadeInUp\" data-wow-delay=\".0s\" target=\"_blank\" href=\"https:\/\/www.camping-bleesbruck.lu\/wp-content\/uploads\/2025\/10\/Vermietung_NLD_26.pdf\">\r\n                                        <span>Prijzen en voorwaarden<\/span>\r\n                                    <\/a>\r\n                                                                                                        <a class=\"btn-secondary docs wow fadeInUp\" data-wow-delay=\".1s\" target=\"_blank\" href=\"https:\/\/www.camping-bleesbruck.lu\/wp-content\/uploads\/2024\/11\/Inventar_Mobilhome.pdf\">\r\n                                        <span>Inventaris<\/span>\r\n                                    <\/a>\r\n                                                                                                    <\/div>\r\n                                                    <\/div>\r\n                                                <button class=\"btn btn-primary-alt wow fadeInUp\" data-wow-delay=\".3s\" data-toggle=\"modal\" data-target=\".content-block_f989e061365cc4da14df09683bf6522a-modal\">\r\n                            <span>Meer info<\/span>\r\n                        <\/button>\r\n                                                                                                <a class=\"btn btn-primary wow fadeInUp\" data-wow-delay=\".6s\" href=\"https:\/\/camping-bleesbruck.lu\/nl\/reservering\/\" target=\"\">\r\n                            <span>Reserveren<\/span>\r\n                        <\/a>\r\n                                            <\/div>\r\n                    <div class=\"col-lg-6 images p-0 wow fadeIn\">\r\n                        <div class=\"content-carousel\">\r\n                                                        <div class=\"item\" style=\"background-image: url(https:\/\/www.camping-bleesbruck.lu\/wp-content\/uploads\/2021\/04\/Mobilhome_005-768x1024.jpg);\"><\/div>\r\n                                                        <div class=\"item\" style=\"background-image: url(https:\/\/www.camping-bleesbruck.lu\/wp-content\/uploads\/2021\/04\/Mobilhome_006-768x1024.jpg);\"><\/div>\r\n                                                        <div class=\"item\" style=\"background-image: url(https:\/\/www.camping-bleesbruck.lu\/wp-content\/uploads\/2021\/04\/Mobilhome_007-1024x683.jpg);\"><\/div>\r\n                                                        <div class=\"item\" style=\"background-image: url(https:\/\/www.camping-bleesbruck.lu\/wp-content\/uploads\/2021\/04\/Mobilhome_001-1024x683.jpg);\"><\/div>\r\n                                                        <div class=\"item\" style=\"background-image: url(https:\/\/www.camping-bleesbruck.lu\/wp-content\/uploads\/2021\/04\/Mobilhome_002-1024x768.jpg);\"><\/div>\r\n                                                        <div class=\"item\" style=\"background-image: url(https:\/\/www.camping-bleesbruck.lu\/wp-content\/uploads\/2021\/04\/Mobilhome_003-768x1024.jpg);\"><\/div>\r\n                                                        <div class=\"item\" style=\"background-image: url(https:\/\/www.camping-bleesbruck.lu\/wp-content\/uploads\/2021\/04\/Mobilhome_004-768x1024.jpg);\"><\/div>\r\n                                                    <\/div>\r\n                    <\/div>\r\n                <\/div>\r\n            <\/div>\r\n            <\/div>\n\n<div class=\"container-fluid content-block white\" id=\"casa-vino-en-finkota\">\r\n            <div class=\"modal fade content-block_3f25b5761b1928f50cfd28dd261b02cc-modal\" tabindex=\"-1\" role=\"dialog\" aria-labelledby=\"content-block_3f25b5761b1928f50cfd28dd261b02cc-modal\" aria-hidden=\"true\">\r\n            <div class=\"modal-dialog modal-lg\">\r\n                <div class=\"modal-content\">\r\n                    <div class=\"modal-header\">\r\n                        <button type=\"button\" class=\"close\" data-dismiss=\"modal\" aria-label=\"Close\">\r\n                            <i class=\"fas fa-times\"><\/i>\r\n                        <\/button>\r\n                    <\/div>\r\n                    <div class=\"row m-0\">\r\n                        <div class=\"col-lg-6 text pt-0 py-lg-5 pb-5 px-5\">\r\n                                                        <span class=\"h3 wow fadeInDown\">Casa Vino en Finkota<\/span>\r\n                                                                                    <h2 >Slapen in een vat!<\/h2>\r\n                                                        <div class=\"text-content\">\r\n                                <div class=\"ce-text\">\n<p>Verhuur van 01.04 tot 15.10<\/p>\n<p>Unsere Fassh\u00fctte als die ideale \u00dcbernachtungsm\u00f6glichkeit f\u00fcr Biker und Wanderer<\/p>\n<ul>\n<li>CASA VINO Plaats voor 4 personen (4 stapelbedden)<\/li>\n<li>FINKOTA Plaats voor 2 personen (1 tweepersoonsbed)<\/li>\n<li>Geen keuken en geen badkamer beschikbaar<\/li>\n<li>Terras<\/li>\n<li>Parkeermogelijkheid op de plaats<\/li>\n<li>Rustige, zonnige plaats<\/li>\n<li><strong>Neem je eigen dekbed of slaapzak mee!<\/strong><\/li>\n<li><strong>Handdoeken zijn niet inbegrepen<\/strong><\/li>\n<li><strong>Geen huisdieren toegelaten<\/strong><\/li>\n<li><strong>Douchen met oplaadbare kaart: 1\u20ac per 5min. Vergoeding bij vertrek<\/strong><\/li>\n<\/ul>\n<\/div>\n<h3>Prijzen per dag<\/h3>\n<table style=\"height: 298px;\" width=\"308\" data-mce-style=\"height: 298px;\" class=\"mce-item-table\">\n<tbody>\n<tr>\n<td>Dagtarief (2 personen)<\/td>\n<td>50,00 \u20ac<\/td>\n<\/tr>\n<tr>\n<td>Extra persoon (per dag)<\/td>\n<td>15,00 \u20ac<\/td>\n<\/tr>\n<tr>\n<td>Schoonmaak<\/td>\n<td>15,00 \u20ac<\/td>\n<\/tr>\n<tr>\n<td>Reserveringskosten<\/td>\n<td>10,00 \u20ac<\/td>\n<\/tr>\n<tr>\n<td>Borg (cash)<\/td>\n<td>20,00 \u20ac<\/td>\n<\/tr>\n<\/tbody>\n<\/table>\n<div class=\"ce-text\">\n<p>Beddengoed 8,00\u20ac\/pers., Handdoeken 5,00\u20ac\/pers. OP AANVRAAG<\/p>\n<p><strong>Voorseizoen: 01.04. &#8211; 28.06.2026&nbsp; Hoogseizoen: 29.06. &#8211; 23.08.2026<\/strong><\/p>\n<p><strong>Naseizoen: 24.08. &#8211; 31.10.2026<\/strong><\/p>\n<\/div>\n                                                                    <div class=\"documents\">\r\n                                                                                                                <a class=\"btn-secondary\" data-wow-delay=\".0s\" target=\"_blank\" href=\"https:\/\/www.camping-bleesbruck.lu\/wp-content\/uploads\/2025\/10\/Vermietung_NLD_26.pdf\">\r\n                                            <span>Prijzen en voorwaarden<\/span>\r\n                                        <\/a>\r\n                                                                                                                    <a class=\"btn-secondary\" data-wow-delay=\".1s\" target=\"_blank\" href=\"https:\/\/www.camping-bleesbruck.lu\/wp-content\/uploads\/2024\/11\/Inventar_CV_FK.pdf\">\r\n                                            <span>Inventaris<\/span>\r\n                                        <\/a>\r\n                                                                                                                <\/div>\r\n                                                            <\/div>\r\n                                                        <a class=\"btn btn-primary\" data-wow-delay=\".6s\" href=\"https:\/\/camping-bleesbruck.lu\/nl\/reservering\/\" target=\"\">\r\n                                <span>Reserveren<\/span>\r\n                            <\/a>\r\n                                                    <\/div>\r\n                        <div class=\"col-lg-6 images p-0\">\r\n                            <div class=\"content-carousel\">\r\n                                                                <div class=\"item\" style=\"background-image: url(https:\/\/www.camping-bleesbruck.lu\/wp-content\/uploads\/2021\/04\/CasaVino_005-678x1024.jpg);\"><\/div>\r\n                                                                <div class=\"item\" style=\"background-image: url(https:\/\/www.camping-bleesbruck.lu\/wp-content\/uploads\/2021\/04\/CasaVino_006-1024x682.jpg);\"><\/div>\r\n                                                                <div class=\"item\" style=\"background-image: url(https:\/\/www.camping-bleesbruck.lu\/wp-content\/uploads\/2021\/04\/CasaVino_007-1-1024x768.jpg);\"><\/div>\r\n                                                                <div class=\"item\" style=\"background-image: url(https:\/\/www.camping-bleesbruck.lu\/wp-content\/uploads\/2021\/04\/CasaVino_008-1024x768.jpg);\"><\/div>\r\n                                                                <div class=\"item\" style=\"background-image: url(https:\/\/www.camping-bleesbruck.lu\/wp-content\/uploads\/2021\/04\/CasaVino_001-1024x678.jpg);\"><\/div>\r\n                                                                <div class=\"item\" style=\"background-image: url(https:\/\/www.camping-bleesbruck.lu\/wp-content\/uploads\/2021\/04\/CasaVino_002.jpg);\"><\/div>\r\n                                                                <div class=\"item\" style=\"background-image: url(https:\/\/www.camping-bleesbruck.lu\/wp-content\/uploads\/2021\/04\/CasaVino_003-683x1024.jpg);\"><\/div>\r\n                                                                <div class=\"item\" style=\"background-image: url(https:\/\/www.camping-bleesbruck.lu\/wp-content\/uploads\/2021\/04\/CasaVino_004-678x1024.jpg);\"><\/div>\r\n                                                            <\/div>\r\n                        <\/div>\r\n                    <\/div>\r\n                <\/div>\r\n            <\/div>\r\n        <\/div>   \r\n                    <div class=\"container py-5\">\r\n                <div class=\"row\">\r\n                    <div class=\"col-lg-6 text\">\r\n                                                <span class=\"h3 wow fadeInDown\">Casa Vino en Finkota<\/span>\r\n                                                                                                            <h2 class=\"wow fadeIn\" data-wow-delay=\".2s\">Slapen in een vat!<\/h2>\r\n                                                                                                    <div class=\"text-content wow fadeIn content-cut\">\r\n                            <div class=\"ce-text\">\n<p>Verhuur van 01.04 tot 15.10<\/p>\n<p>Unsere Fassh\u00fctte als die ideale \u00dcbernachtungsm\u00f6glichkeit f\u00fcr Biker und Wanderer<\/p>\n<ul>\n<li>CASA VINO Plaats voor 4 personen (4 stapelbedden)<\/li>\n<li>FINKOTA Plaats voor 2 personen (1 tweepersoonsbed)<\/li>\n<li>Geen keuken en geen badkamer beschikbaar<\/li>\n<li>Terras<\/li>\n<li>Parkeermogelijkheid op de plaats<\/li>\n<li>Rustige, zonnige plaats<\/li>\n<li><strong>Neem je eigen dekbed of slaapzak mee!<\/strong><\/li>\n<li><strong>Handdoeken zijn niet inbegrepen<\/strong><\/li>\n<li><strong>Geen huisdieren toegelaten<\/strong><\/li>\n<li><strong>Douchen met oplaadbare kaart: 1\u20ac per 5min. Vergoeding bij vertrek<\/strong><\/li>\n<\/ul>\n<\/div>\n<h3>Prijzen per dag<\/h3>\n<table style=\"height: 298px;\" width=\"308\" data-mce-style=\"height: 298px;\" class=\"mce-item-table\">\n<tbody>\n<tr>\n<td>Dagtarief (2 personen)<\/td>\n<td>50,00 \u20ac<\/td>\n<\/tr>\n<tr>\n<td>Extra persoon (per dag)<\/td>\n<td>15,00 \u20ac<\/td>\n<\/tr>\n<tr>\n<td>Schoonmaak<\/td>\n<td>15,00 \u20ac<\/td>\n<\/tr>\n<tr>\n<td>Reserveringskosten<\/td>\n<td>10,00 \u20ac<\/td>\n<\/tr>\n<tr>\n<td>Borg (cash)<\/td>\n<td>20,00 \u20ac<\/td>\n<\/tr>\n<\/tbody>\n<\/table>\n<div class=\"ce-text\">\n<p>Beddengoed 8,00\u20ac\/pers., Handdoeken 5,00\u20ac\/pers. OP AANVRAAG<\/p>\n<p><strong>Voorseizoen: 01.04. &#8211; 28.06.2026&nbsp; Hoogseizoen: 29.06. &#8211; 23.08.2026<\/strong><\/p>\n<p><strong>Naseizoen: 24.08. &#8211; 31.10.2026<\/strong><\/p>\n<\/div>\n                                                            <div class=\"documents\">\r\n                                                                                                    <a class=\"btn-secondary docs wow fadeInUp\" data-wow-delay=\".0s\" target=\"_blank\" href=\"https:\/\/www.camping-bleesbruck.lu\/wp-content\/uploads\/2025\/10\/Vermietung_NLD_26.pdf\">\r\n                                        <span>Prijzen en voorwaarden<\/span>\r\n                                    <\/a>\r\n                                                                                                        <a class=\"btn-secondary docs wow fadeInUp\" data-wow-delay=\".1s\" target=\"_blank\" href=\"https:\/\/www.camping-bleesbruck.lu\/wp-content\/uploads\/2024\/11\/Inventar_CV_FK.pdf\">\r\n                                        <span>Inventaris<\/span>\r\n                                    <\/a>\r\n                                                                                                    <\/div>\r\n                                                    <\/div>\r\n                                                <button class=\"btn btn-primary-alt wow fadeInUp\" data-wow-delay=\".3s\" data-toggle=\"modal\" data-target=\".content-block_3f25b5761b1928f50cfd28dd261b02cc-modal\">\r\n                            <span>Meer info<\/span>\r\n                        <\/button>\r\n                                                                                                <a class=\"btn btn-primary wow fadeInUp\" data-wow-delay=\".6s\" href=\"https:\/\/camping-bleesbruck.lu\/nl\/reservering\/\" target=\"\">\r\n                            <span>Reserveren<\/span>\r\n                        <\/a>\r\n                                            <\/div>\r\n                    <div class=\"col-lg-6 images p-0 wow fadeIn\">\r\n                        <div class=\"content-carousel\">\r\n                                                        <div class=\"item\" style=\"background-image: url(https:\/\/www.camping-bleesbruck.lu\/wp-content\/uploads\/2021\/04\/CasaVino_005-678x1024.jpg);\"><\/div>\r\n                                                        <div class=\"item\" style=\"background-image: url(https:\/\/www.camping-bleesbruck.lu\/wp-content\/uploads\/2021\/04\/CasaVino_006-1024x682.jpg);\"><\/div>\r\n                                                        <div class=\"item\" style=\"background-image: url(https:\/\/www.camping-bleesbruck.lu\/wp-content\/uploads\/2021\/04\/CasaVino_007-1-1024x768.jpg);\"><\/div>\r\n                                                        <div class=\"item\" style=\"background-image: url(https:\/\/www.camping-bleesbruck.lu\/wp-content\/uploads\/2021\/04\/CasaVino_008-1024x768.jpg);\"><\/div>\r\n                                                        <div class=\"item\" style=\"background-image: url(https:\/\/www.camping-bleesbruck.lu\/wp-content\/uploads\/2021\/04\/CasaVino_001-1024x678.jpg);\"><\/div>\r\n                                                        <div class=\"item\" style=\"background-image: url(https:\/\/www.camping-bleesbruck.lu\/wp-content\/uploads\/2021\/04\/CasaVino_002.jpg);\"><\/div>\r\n                                                        <div class=\"item\" style=\"background-image: url(https:\/\/www.camping-bleesbruck.lu\/wp-content\/uploads\/2021\/04\/CasaVino_003-683x1024.jpg);\"><\/div>\r\n                                                        <div class=\"item\" style=\"background-image: url(https:\/\/www.camping-bleesbruck.lu\/wp-content\/uploads\/2021\/04\/CasaVino_004-678x1024.jpg);\"><\/div>\r\n                                                    <\/div>\r\n                    <\/div>\r\n                <\/div>\r\n            <\/div>\r\n            <\/div>\n\n<div class=\"container-fluid content-block grey\" id=\"chalet-met-ruimte-om-te-verblijven\">\r\n            <div class=\"modal fade content-block_2f5546c7a8b3cbeae95787c11ccf3423-modal\" tabindex=\"-1\" role=\"dialog\" aria-labelledby=\"content-block_2f5546c7a8b3cbeae95787c11ccf3423-modal\" aria-hidden=\"true\">\r\n            <div class=\"modal-dialog modal-lg\">\r\n                <div class=\"modal-content\">\r\n                    <div class=\"modal-header\">\r\n                        <button type=\"button\" class=\"close\" data-dismiss=\"modal\" aria-label=\"Close\">\r\n                            <i class=\"fas fa-times\"><\/i>\r\n                        <\/button>\r\n                    <\/div>\r\n                    <div class=\"row m-0\">\r\n                        <div class=\"col-lg-6 text pt-0 py-lg-5 pb-5 px-5\">\r\n                                                        <span class=\"h3 wow fadeInDown\">Chalet met ruimte om te verblijven<\/span>\r\n                                                                                    <h2 >Trekkershut<\/h2>\r\n                                                        <div class=\"text-content\">\r\n                                <div class=\"ce-text\">\n<p>Verhuur van 01.04 tot 15.10<\/p>\n<p>Rustig gelegen trekkershut met overdekt terras<\/p>\n<ul>\n<li>TREKKERSHUT 4 PERS &#8211; STAPELBEDDEN<\/li>\n<li>TREKKERSHUT 2 PERS &#8211; 2 ENKELE BEDDEN<\/li>\n<li>kleine keukenhoek met koelkast<\/li>\n<li>Geen badkamer beschikbaar<\/li>\n<li>Overdekte terras<\/li>\n<li>Parkeermogelijkheid op de plaats<\/li>\n<li>Rustige, zonnige plaats<\/li>\n<li><strong>Neem je eigen dekbed of slaapzak mee!<\/strong><\/li>\n<li><strong>Handdoeken zijn niet inbegrepen<\/strong><\/li>\n<li><strong>Geen huisdieren toegelaten<\/strong><\/li>\n<li><strong>Douchen met oplaadbare kaart: 1\u20ac per 5min. Vergoeding bij vertrek<\/strong><\/li>\n<\/ul>\n<\/div>\n<h3>Prijzen per dag<\/h3>\n<table style=\"height: 449px;\" width=\"433\">\n<tbody>\n<tr>\n<td><\/td>\n<td>Voor\/ Naseizoen<\/td>\n<td>Hoogseizoen<\/td>\n<\/tr>\n<tr>\n<td>Dagtarief (2 personen)<\/td>\n<td>50,00 \u20ac<\/td>\n<td>60,00 \u20ac<\/td>\n<\/tr>\n<tr>\n<td>Extra Persoon (per dag)<\/td>\n<td>15,00 \u20ac<\/td>\n<td>15,00 \u20ac<\/td>\n<\/tr>\n<tr>\n<td>Schoonmaak<\/td>\n<td>15,00 \u20ac<\/td>\n<td>15,00 \u20ac<\/td>\n<\/tr>\n<tr>\n<td>Reserveringskosten<\/td>\n<td>10,00 \u20ac<\/td>\n<td>10,00 \u20ac<\/td>\n<\/tr>\n<tr>\n<td>Borg (Cash)<\/td>\n<td>20,00 \u20ac<\/td>\n<td>20,00 \u20ac<\/td>\n<\/tr>\n<\/tbody>\n<\/table>\n<div class=\"ce-text\">\n<p>Beddengoed 8,00\u20ac\/pers., Handdoeken 5,00\u20ac\/pers. OP AANVRAAG<\/p>\n<p><strong>Voorseizoen: 01.04. &#8211; 28.06.2026\u00a0 Hoogseizoen: 29.06. &#8211; 23.08.2026<\/strong><\/p>\n<p><strong>Naseizoen: 24.08. &#8211; 31.10.2026<\/strong><\/p>\n<\/div>\n                                                                    <div class=\"documents\">\r\n                                                                                                                <a class=\"btn-secondary\" data-wow-delay=\".0s\" target=\"_blank\" href=\"https:\/\/www.camping-bleesbruck.lu\/wp-content\/uploads\/2025\/10\/Vermietung_NLD_26.pdf\">\r\n                                            <span>Prijzen en voorwaarden<\/span>\r\n                                        <\/a>\r\n                                                                                                                    <a class=\"btn-secondary\" data-wow-delay=\".1s\" target=\"_blank\" href=\"https:\/\/www.camping-bleesbruck.lu\/wp-content\/uploads\/2024\/11\/Inventar_wanderhutte.pdf\">\r\n                                            <span>Inventaris<\/span>\r\n                                        <\/a>\r\n                                                                                                                <\/div>\r\n                                                            <\/div>\r\n                                                        <a class=\"btn btn-primary\" data-wow-delay=\".6s\" href=\"https:\/\/camping-bleesbruck.lu\/nl\/reservering\/\" target=\"\">\r\n                                <span>Reserveren<\/span>\r\n                            <\/a>\r\n                                                    <\/div>\r\n                        <div class=\"col-lg-6 images p-0\">\r\n                            <div class=\"content-carousel\">\r\n                                                                <div class=\"item\" style=\"background-image: url(https:\/\/www.camping-bleesbruck.lu\/wp-content\/uploads\/2023\/06\/chalet_1-1024x768.jpg);\"><\/div>\r\n                                                                <div class=\"item\" style=\"background-image: url(https:\/\/www.camping-bleesbruck.lu\/wp-content\/uploads\/2023\/06\/chalet_2-954x1024.jpg);\"><\/div>\r\n                                                                <div class=\"item\" style=\"background-image: url(https:\/\/www.camping-bleesbruck.lu\/wp-content\/uploads\/2023\/06\/chalet_3-768x1024.jpg);\"><\/div>\r\n                                                                <div class=\"item\" style=\"background-image: url(https:\/\/www.camping-bleesbruck.lu\/wp-content\/uploads\/2023\/06\/chalet_5-1024x768.jpg);\"><\/div>\r\n                                                                <div class=\"item\" style=\"background-image: url(https:\/\/www.camping-bleesbruck.lu\/wp-content\/uploads\/2023\/06\/chalet_4-1024x768.jpg);\"><\/div>\r\n                                                                <div class=\"item\" style=\"background-image: url(https:\/\/www.camping-bleesbruck.lu\/wp-content\/uploads\/2023\/06\/chalet_6-1024x768.jpg);\"><\/div>\r\n                                                                <div class=\"item\" style=\"background-image: url(https:\/\/www.camping-bleesbruck.lu\/wp-content\/uploads\/2025\/11\/KUEB--1024x673.png);\"><\/div>\r\n                                                                <div class=\"item\" style=\"background-image: url(https:\/\/www.camping-bleesbruck.lu\/wp-content\/uploads\/2025\/11\/KUEB-3-1024x714.png);\"><\/div>\r\n                                                                <div class=\"item\" style=\"background-image: url(https:\/\/www.camping-bleesbruck.lu\/wp-content\/uploads\/2025\/11\/KUEB-2-1024x770.png);\"><\/div>\r\n                                                                <div class=\"item\" style=\"background-image: url(https:\/\/www.camping-bleesbruck.lu\/wp-content\/uploads\/2025\/11\/KUEB-678x1024.jpg);\"><\/div>\r\n                                                            <\/div>\r\n                        <\/div>\r\n                    <\/div>\r\n                <\/div>\r\n            <\/div>\r\n        <\/div>   \r\n                    <div class=\"container py-5\">\r\n                <div class=\"row\">\r\n                    <div class=\"col-lg-6 text\">\r\n                                                <span class=\"h3 wow fadeInDown\">Chalet met ruimte om te verblijven<\/span>\r\n                                                                                                            <h2 class=\"wow fadeIn\" data-wow-delay=\".2s\">Trekkershut<\/h2>\r\n                                                                                                    <div class=\"text-content wow fadeIn content-cut\">\r\n                            <div class=\"ce-text\">\n<p>Verhuur van 01.04 tot 15.10<\/p>\n<p>Rustig gelegen trekkershut met overdekt terras<\/p>\n<ul>\n<li>TREKKERSHUT 4 PERS &#8211; STAPELBEDDEN<\/li>\n<li>TREKKERSHUT 2 PERS &#8211; 2 ENKELE BEDDEN<\/li>\n<li>kleine keukenhoek met koelkast<\/li>\n<li>Geen badkamer beschikbaar<\/li>\n<li>Overdekte terras<\/li>\n<li>Parkeermogelijkheid op de plaats<\/li>\n<li>Rustige, zonnige plaats<\/li>\n<li><strong>Neem je eigen dekbed of slaapzak mee!<\/strong><\/li>\n<li><strong>Handdoeken zijn niet inbegrepen<\/strong><\/li>\n<li><strong>Geen huisdieren toegelaten<\/strong><\/li>\n<li><strong>Douchen met oplaadbare kaart: 1\u20ac per 5min. Vergoeding bij vertrek<\/strong><\/li>\n<\/ul>\n<\/div>\n<h3>Prijzen per dag<\/h3>\n<table style=\"height: 449px;\" width=\"433\">\n<tbody>\n<tr>\n<td><\/td>\n<td>Voor\/ Naseizoen<\/td>\n<td>Hoogseizoen<\/td>\n<\/tr>\n<tr>\n<td>Dagtarief (2 personen)<\/td>\n<td>50,00 \u20ac<\/td>\n<td>60,00 \u20ac<\/td>\n<\/tr>\n<tr>\n<td>Extra Persoon (per dag)<\/td>\n<td>15,00 \u20ac<\/td>\n<td>15,00 \u20ac<\/td>\n<\/tr>\n<tr>\n<td>Schoonmaak<\/td>\n<td>15,00 \u20ac<\/td>\n<td>15,00 \u20ac<\/td>\n<\/tr>\n<tr>\n<td>Reserveringskosten<\/td>\n<td>10,00 \u20ac<\/td>\n<td>10,00 \u20ac<\/td>\n<\/tr>\n<tr>\n<td>Borg (Cash)<\/td>\n<td>20,00 \u20ac<\/td>\n<td>20,00 \u20ac<\/td>\n<\/tr>\n<\/tbody>\n<\/table>\n<div class=\"ce-text\">\n<p>Beddengoed 8,00\u20ac\/pers., Handdoeken 5,00\u20ac\/pers. OP AANVRAAG<\/p>\n<p><strong>Voorseizoen: 01.04. &#8211; 28.06.2026\u00a0 Hoogseizoen: 29.06. &#8211; 23.08.2026<\/strong><\/p>\n<p><strong>Naseizoen: 24.08. &#8211; 31.10.2026<\/strong><\/p>\n<\/div>\n                                                            <div class=\"documents\">\r\n                                                                                                    <a class=\"btn-secondary docs wow fadeInUp\" data-wow-delay=\".0s\" target=\"_blank\" href=\"https:\/\/www.camping-bleesbruck.lu\/wp-content\/uploads\/2025\/10\/Vermietung_NLD_26.pdf\">\r\n                                        <span>Prijzen en voorwaarden<\/span>\r\n                                    <\/a>\r\n                                                                                                        <a class=\"btn-secondary docs wow fadeInUp\" data-wow-delay=\".1s\" target=\"_blank\" href=\"https:\/\/www.camping-bleesbruck.lu\/wp-content\/uploads\/2024\/11\/Inventar_wanderhutte.pdf\">\r\n                                        <span>Inventaris<\/span>\r\n                                    <\/a>\r\n                                                                                                    <\/div>\r\n                                                    <\/div>\r\n                                                <button class=\"btn btn-primary-alt wow fadeInUp\" data-wow-delay=\".3s\" data-toggle=\"modal\" data-target=\".content-block_2f5546c7a8b3cbeae95787c11ccf3423-modal\">\r\n                            <span>Meer info<\/span>\r\n                        <\/button>\r\n                                                                                                <a class=\"btn btn-primary wow fadeInUp\" data-wow-delay=\".6s\" href=\"https:\/\/camping-bleesbruck.lu\/nl\/reservering\/\" target=\"\">\r\n                            <span>Reserveren<\/span>\r\n                        <\/a>\r\n                                            <\/div>\r\n                    <div class=\"col-lg-6 images p-0 wow fadeIn\">\r\n                        <div class=\"content-carousel\">\r\n                                                        <div class=\"item\" style=\"background-image: url(https:\/\/www.camping-bleesbruck.lu\/wp-content\/uploads\/2023\/06\/chalet_1-1024x768.jpg);\"><\/div>\r\n                                                        <div class=\"item\" style=\"background-image: url(https:\/\/www.camping-bleesbruck.lu\/wp-content\/uploads\/2023\/06\/chalet_2-954x1024.jpg);\"><\/div>\r\n                                                        <div class=\"item\" style=\"background-image: url(https:\/\/www.camping-bleesbruck.lu\/wp-content\/uploads\/2023\/06\/chalet_3-768x1024.jpg);\"><\/div>\r\n                                                        <div class=\"item\" style=\"background-image: url(https:\/\/www.camping-bleesbruck.lu\/wp-content\/uploads\/2023\/06\/chalet_5-1024x768.jpg);\"><\/div>\r\n                                                        <div class=\"item\" style=\"background-image: url(https:\/\/www.camping-bleesbruck.lu\/wp-content\/uploads\/2023\/06\/chalet_4-1024x768.jpg);\"><\/div>\r\n                                                        <div class=\"item\" style=\"background-image: url(https:\/\/www.camping-bleesbruck.lu\/wp-content\/uploads\/2023\/06\/chalet_6-1024x768.jpg);\"><\/div>\r\n                                                        <div class=\"item\" style=\"background-image: url(https:\/\/www.camping-bleesbruck.lu\/wp-content\/uploads\/2025\/11\/KUEB--1024x673.png);\"><\/div>\r\n                                                        <div class=\"item\" style=\"background-image: url(https:\/\/www.camping-bleesbruck.lu\/wp-content\/uploads\/2025\/11\/KUEB-3-1024x714.png);\"><\/div>\r\n                                                        <div class=\"item\" style=\"background-image: url(https:\/\/www.camping-bleesbruck.lu\/wp-content\/uploads\/2025\/11\/KUEB-2-1024x770.png);\"><\/div>\r\n                                                        <div class=\"item\" style=\"background-image: url(https:\/\/www.camping-bleesbruck.lu\/wp-content\/uploads\/2025\/11\/KUEB-678x1024.jpg);\"><\/div>\r\n                                                    <\/div>\r\n                    <\/div>\r\n                <\/div>\r\n            <\/div>\r\n            <\/div>\n\n<div class=\"container-fluid content-block white\" id=\"gitotel\">\r\n            <div class=\"modal fade content-block_aff7b3131125cbc39dd2a46c17e5c335-modal\" tabindex=\"-1\" role=\"dialog\" aria-labelledby=\"content-block_aff7b3131125cbc39dd2a46c17e5c335-modal\" aria-hidden=\"true\">\r\n            <div class=\"modal-dialog modal-lg\">\r\n                <div class=\"modal-content\">\r\n                    <div class=\"modal-header\">\r\n                        <button type=\"button\" class=\"close\" data-dismiss=\"modal\" aria-label=\"Close\">\r\n                            <i class=\"fas fa-times\"><\/i>\r\n                        <\/button>\r\n                    <\/div>\r\n                    <div class=\"row m-0\">\r\n                        <div class=\"col-lg-6 text pt-0 py-lg-5 pb-5 px-5\">\r\n                                                        <span class=\"h3 wow fadeInDown\">Gitotel<\/span>\r\n                                                                                    <h2 >De allrounder <\/h2>\r\n                                                        <div class=\"text-content\">\r\n                                <div class=\"ce-text\">\n<p>Verhuur van 01.04 tot 15.10<\/p>\n<p>Het overdekte terras biedt comfort, zelfs in de regen<\/p>\n<p>Ruimte voor 4 personen, ca. 35 m2<\/p>\n<ul>\n<li>1 kamer met tweepersoonsbed<\/li>\n<li>1 kamer met 2 eenpersoonsbedden<\/li>\n<li>Keuken met eethoek<\/li>\n<li>Badkamer, douche &#8211; WC<\/li>\n<li>Overdekt terras 9,5 m2<\/li>\n<li>Parkeermogelijkheid op de plaats<\/li>\n<li><strong>Beddengoed inbegrepen<\/strong><\/li>\n<li><strong>Handdoeken zijn niet inbegrepen<\/strong><\/li>\n<li><strong>Geen huisdieren toegelaten<\/strong><\/li>\n<\/ul>\n<\/div>\n<h3>Prijzen per dag<\/h3>\n<table style=\"height: 317px;\" width=\"471\" data-mce-style=\"height: 317px;\" class=\"mce-item-table\">\n<tbody>\n<tr>\n<td><strong>&nbsp;<\/strong><\/td>\n<td><strong>Voor\/ Naseizoen<\/strong><\/td>\n<td><strong>Hoogseizoen<\/strong><\/td>\n<\/tr>\n<tr>\n<td>1 &#8211; 4 personen (per dag)<\/td>\n<td>85,00 \u20ac<\/td>\n<td>130,00 \u20ac<\/td>\n<\/tr>\n<tr>\n<td>Schoonmaak<\/td>\n<td>40,00 \u20ac<\/td>\n<td>40,00 \u20ac<\/td>\n<\/tr>\n<tr>\n<td>Reserveringskosten<\/td>\n<td>10,00 \u20ac<\/td>\n<td>10,00 \u20ac<\/td>\n<\/tr>\n<tr>\n<td>Borg (cash)<\/td>\n<td>50,00 \u20ac<\/td>\n<td>50,00 \u20ac<\/td>\n<\/tr>\n<\/tbody>\n<\/table>\n<div class=\"ce-text\">\n<p>Beddengoed inklusief, Handdoeken 5,00\u20ac\/pers. OP AANVRAAG<\/p>\n<p><strong>Voorseizoen: 01.04. &#8211; 28.06.2026&nbsp; Hoogseizoen: 29.06. &#8211; 23.08.2026<\/strong><\/p>\n<p><strong>Naseizoen: 24.08. &#8211; 31.10.2026<\/strong><\/p>\n<\/div>\n                                                                    <div class=\"documents\">\r\n                                                                                                                <a class=\"btn-secondary\" data-wow-delay=\".0s\" target=\"_blank\" href=\"https:\/\/www.camping-bleesbruck.lu\/wp-content\/uploads\/2025\/10\/Vermietung_NLD_26.pdf\">\r\n                                            <span>Prijzen en voorwaarden<\/span>\r\n                                        <\/a>\r\n                                                                                                                    <a class=\"btn-secondary\" data-wow-delay=\".1s\" target=\"_blank\" href=\"https:\/\/www.camping-bleesbruck.lu\/wp-content\/uploads\/2024\/11\/Inventar_Gitotel.pdf\">\r\n                                            <span>Inventaris<\/span>\r\n                                        <\/a>\r\n                                                                                                                <\/div>\r\n                                                            <\/div>\r\n                                                        <a class=\"btn btn-primary\" data-wow-delay=\".6s\" href=\"https:\/\/camping-bleesbruck.lu\/nl\/reservering\/\" target=\"\">\r\n                                <span>Reserveren<\/span>\r\n                            <\/a>\r\n                                                    <\/div>\r\n                        <div class=\"col-lg-6 images p-0\">\r\n                            <div class=\"content-carousel\">\r\n                                                                <div class=\"item\" style=\"background-image: url(https:\/\/www.camping-bleesbruck.lu\/wp-content\/uploads\/2021\/04\/Gitotel_001-868x1024.jpg);\"><\/div>\r\n                                                                <div class=\"item\" style=\"background-image: url(https:\/\/www.camping-bleesbruck.lu\/wp-content\/uploads\/2021\/04\/Gitotel_002-1024x680.jpg);\"><\/div>\r\n                                                                <div class=\"item\" style=\"background-image: url(https:\/\/www.camping-bleesbruck.lu\/wp-content\/uploads\/2021\/04\/Gitotel_003-1024x680.jpg);\"><\/div>\r\n                                                            <\/div>\r\n                        <\/div>\r\n                    <\/div>\r\n                <\/div>\r\n            <\/div>\r\n        <\/div>   \r\n                    <div class=\"container py-5\">\r\n                <div class=\"row\">\r\n                    <div class=\"col-lg-6 text\">\r\n                                                <span class=\"h3 wow fadeInDown\">Gitotel<\/span>\r\n                                                                                                            <h2 class=\"wow fadeIn\" data-wow-delay=\".2s\">De allrounder <\/h2>\r\n                                                                                                    <div class=\"text-content wow fadeIn content-cut\">\r\n                            <div class=\"ce-text\">\n<p>Verhuur van 01.04 tot 15.10<\/p>\n<p>Het overdekte terras biedt comfort, zelfs in de regen<\/p>\n<p>Ruimte voor 4 personen, ca. 35 m2<\/p>\n<ul>\n<li>1 kamer met tweepersoonsbed<\/li>\n<li>1 kamer met 2 eenpersoonsbedden<\/li>\n<li>Keuken met eethoek<\/li>\n<li>Badkamer, douche &#8211; WC<\/li>\n<li>Overdekt terras 9,5 m2<\/li>\n<li>Parkeermogelijkheid op de plaats<\/li>\n<li><strong>Beddengoed inbegrepen<\/strong><\/li>\n<li><strong>Handdoeken zijn niet inbegrepen<\/strong><\/li>\n<li><strong>Geen huisdieren toegelaten<\/strong><\/li>\n<\/ul>\n<\/div>\n<h3>Prijzen per dag<\/h3>\n<table style=\"height: 317px;\" width=\"471\" data-mce-style=\"height: 317px;\" class=\"mce-item-table\">\n<tbody>\n<tr>\n<td><strong>&nbsp;<\/strong><\/td>\n<td><strong>Voor\/ Naseizoen<\/strong><\/td>\n<td><strong>Hoogseizoen<\/strong><\/td>\n<\/tr>\n<tr>\n<td>1 &#8211; 4 personen (per dag)<\/td>\n<td>85,00 \u20ac<\/td>\n<td>130,00 \u20ac<\/td>\n<\/tr>\n<tr>\n<td>Schoonmaak<\/td>\n<td>40,00 \u20ac<\/td>\n<td>40,00 \u20ac<\/td>\n<\/tr>\n<tr>\n<td>Reserveringskosten<\/td>\n<td>10,00 \u20ac<\/td>\n<td>10,00 \u20ac<\/td>\n<\/tr>\n<tr>\n<td>Borg (cash)<\/td>\n<td>50,00 \u20ac<\/td>\n<td>50,00 \u20ac<\/td>\n<\/tr>\n<\/tbody>\n<\/table>\n<div class=\"ce-text\">\n<p>Beddengoed inklusief, Handdoeken 5,00\u20ac\/pers. OP AANVRAAG<\/p>\n<p><strong>Voorseizoen: 01.04. &#8211; 28.06.2026&nbsp; Hoogseizoen: 29.06. &#8211; 23.08.2026<\/strong><\/p>\n<p><strong>Naseizoen: 24.08. &#8211; 31.10.2026<\/strong><\/p>\n<\/div>\n                                                            <div class=\"documents\">\r\n                                                                                                    <a class=\"btn-secondary docs wow fadeInUp\" data-wow-delay=\".0s\" target=\"_blank\" href=\"https:\/\/www.camping-bleesbruck.lu\/wp-content\/uploads\/2025\/10\/Vermietung_NLD_26.pdf\">\r\n                                        <span>Prijzen en voorwaarden<\/span>\r\n                                    <\/a>\r\n                                                                                                        <a class=\"btn-secondary docs wow fadeInUp\" data-wow-delay=\".1s\" target=\"_blank\" href=\"https:\/\/www.camping-bleesbruck.lu\/wp-content\/uploads\/2024\/11\/Inventar_Gitotel.pdf\">\r\n                                        <span>Inventaris<\/span>\r\n                                    <\/a>\r\n                                                                                                    <\/div>\r\n                                                    <\/div>\r\n                                                <button class=\"btn btn-primary-alt wow fadeInUp\" data-wow-delay=\".3s\" data-toggle=\"modal\" data-target=\".content-block_aff7b3131125cbc39dd2a46c17e5c335-modal\">\r\n                            <span>Meer info<\/span>\r\n                        <\/button>\r\n                                                                                                <a class=\"btn btn-primary wow fadeInUp\" data-wow-delay=\".6s\" href=\"https:\/\/camping-bleesbruck.lu\/nl\/reservering\/\" target=\"\">\r\n                            <span>Reserveren<\/span>\r\n                        <\/a>\r\n                                            <\/div>\r\n                    <div class=\"col-lg-6 images p-0 wow fadeIn\">\r\n                        <div class=\"content-carousel\">\r\n                                                        <div class=\"item\" style=\"background-image: url(https:\/\/www.camping-bleesbruck.lu\/wp-content\/uploads\/2021\/04\/Gitotel_001-868x1024.jpg);\"><\/div>\r\n                                                        <div class=\"item\" style=\"background-image: url(https:\/\/www.camping-bleesbruck.lu\/wp-content\/uploads\/2021\/04\/Gitotel_002-1024x680.jpg);\"><\/div>\r\n                                                        <div class=\"item\" style=\"background-image: url(https:\/\/www.camping-bleesbruck.lu\/wp-content\/uploads\/2021\/04\/Gitotel_003-1024x680.jpg);\"><\/div>\r\n                                                    <\/div>\r\n                    <\/div>\r\n                <\/div>\r\n            <\/div>\r\n            <\/div>\n\n<div class=\"container-fluid content-block grey\" id=\"chambre-dami\">\r\n            <div class=\"modal fade content-block_88f5c8c121967624994b9e19efe60e5f-modal\" tabindex=\"-1\" role=\"dialog\" aria-labelledby=\"content-block_88f5c8c121967624994b9e19efe60e5f-modal\" aria-hidden=\"true\">\r\n            <div class=\"modal-dialog modal-lg\">\r\n                <div class=\"modal-content\">\r\n                    <div class=\"modal-header\">\r\n                        <button type=\"button\" class=\"close\" data-dismiss=\"modal\" aria-label=\"Close\">\r\n                            <i class=\"fas fa-times\"><\/i>\r\n                        <\/button>\r\n                    <\/div>\r\n                    <div class=\"row m-0\">\r\n                        <div class=\"col-lg-6 text pt-0 py-lg-5 pb-5 px-5\">\r\n                                                        <span class=\"h3 wow fadeInDown\">Chambre d&#8217;ami<\/span>\r\n                                                                                    <h2 >Een uniek exemplaar<\/h2>\r\n                                                        <div class=\"text-content\">\r\n                                <div class=\"ce-text\">\n<p>Verhuur van 01.04 tot 15.10<\/p>\n<ul>\n<li>1 tweepersoonsbed<\/li>\n<li>Kan op elke plaats gehuurd worden<\/li>\n<li>Kan ook gehuurd worden op het naturistenterrein<\/li>\n<li>Geen kookgelegenheid, geen badkamer<\/li>\n<li><strong>Neem je eigen dekbed of slaapzak mee!<\/strong><\/li>\n<li><strong>Handdoeken zijn niet inbegrepen<\/strong><\/li>\n<li><strong>Geen huisdieren toegelaten<\/strong><\/li>\n<li><strong>Douchen met oplaadbare kaart: 1\u20ac per 5min. Vergoeding bij vertrek<\/strong><\/li>\n<\/ul>\n<\/div>\n<h3>Prijzen per dag<\/h3>\n<table style=\"height: 322px;\" width=\"374\" data-mce-style=\"height: 322px;\" class=\"mce-item-table\">\n<tbody>\n<tr>\n<td>Dagtarief (1 persoon)<\/td>\n<td>25,00 \u20ac<\/td>\n<\/tr>\n<tr>\n<td>Dagtarief (2 personen)<\/td>\n<td>40,00 \u20ac<\/td>\n<\/tr>\n<tr>\n<td>Schoonmaak<\/td>\n<td>10,00 \u20ac<\/td>\n<\/tr>\n<tr>\n<td>Reserveringskosten<\/td>\n<td>10,00 \u20ac<\/td>\n<\/tr>\n<tr>\n<td>Borg (cash)<\/td>\n<td>20,00 \u20ac<\/td>\n<\/tr>\n<\/tbody>\n<\/table>\n<p>Beddengoed 8,00\u20ac\/pers., Handdoeken 5,00\u20ac\/pers. OP AANVRAAG<\/p>\n<p><strong>Voorseizoen: 01.04. &#8211; 28.06.2026&nbsp; Hoogseizoen: 29.06. &#8211; 23.08.2026<\/strong><\/p>\n<p><strong>Naseizoen: 24.08. &#8211; 31.10.2026<\/strong><\/p>\n                                                                    <div class=\"documents\">\r\n                                                                                                                <a class=\"btn-secondary\" data-wow-delay=\".0s\" target=\"_blank\" href=\"https:\/\/www.camping-bleesbruck.lu\/wp-content\/uploads\/2025\/10\/Vermietung_NLD_26.pdf\">\r\n                                            <span>Prijzen en voorwaarden<\/span>\r\n                                        <\/a>\r\n                                                                                                                    <a class=\"btn-secondary\" data-wow-delay=\".1s\" target=\"_blank\" href=\"https:\/\/www.camping-bleesbruck.lu\/wp-content\/uploads\/2024\/11\/Inventar_Chambre-ami.pdf\">\r\n                                            <span>Inventaris<\/span>\r\n                                        <\/a>\r\n                                                                                                                <\/div>\r\n                                                            <\/div>\r\n                                                        <a class=\"btn btn-primary\" data-wow-delay=\".6s\" href=\"https:\/\/camping-bleesbruck.lu\/nl\/reservering\/\" target=\"\">\r\n                                <span>Reserveren<\/span>\r\n                            <\/a>\r\n                                                    <\/div>\r\n                        <div class=\"col-lg-6 images p-0\">\r\n                            <div class=\"content-carousel\">\r\n                                                                <div class=\"item\" style=\"background-image: url(https:\/\/www.camping-bleesbruck.lu\/wp-content\/uploads\/2021\/04\/Chambre-dami_003-1024x678.jpg);\"><\/div>\r\n                                                                <div class=\"item\" style=\"background-image: url(https:\/\/www.camping-bleesbruck.lu\/wp-content\/uploads\/2021\/04\/Chambre-dami_001-1024x683.jpg);\"><\/div>\r\n                                                                <div class=\"item\" style=\"background-image: url(https:\/\/www.camping-bleesbruck.lu\/wp-content\/uploads\/2021\/04\/Chambre-dami_002-678x1024.jpg);\"><\/div>\r\n                                                            <\/div>\r\n                        <\/div>\r\n                    <\/div>\r\n                <\/div>\r\n            <\/div>\r\n        <\/div>   \r\n                    <div class=\"container py-5\">\r\n                <div class=\"row\">\r\n                    <div class=\"col-lg-6 text\">\r\n                                                <span class=\"h3 wow fadeInDown\">Chambre d&#8217;ami<\/span>\r\n                                                                                                            <h2 class=\"wow fadeIn\" data-wow-delay=\".2s\">Een uniek exemplaar<\/h2>\r\n                                                                                                    <div class=\"text-content wow fadeIn content-cut\">\r\n                            <div class=\"ce-text\">\n<p>Verhuur van 01.04 tot 15.10<\/p>\n<ul>\n<li>1 tweepersoonsbed<\/li>\n<li>Kan op elke plaats gehuurd worden<\/li>\n<li>Kan ook gehuurd worden op het naturistenterrein<\/li>\n<li>Geen kookgelegenheid, geen badkamer<\/li>\n<li><strong>Neem je eigen dekbed of slaapzak mee!<\/strong><\/li>\n<li><strong>Handdoeken zijn niet inbegrepen<\/strong><\/li>\n<li><strong>Geen huisdieren toegelaten<\/strong><\/li>\n<li><strong>Douchen met oplaadbare kaart: 1\u20ac per 5min. Vergoeding bij vertrek<\/strong><\/li>\n<\/ul>\n<\/div>\n<h3>Prijzen per dag<\/h3>\n<table style=\"height: 322px;\" width=\"374\" data-mce-style=\"height: 322px;\" class=\"mce-item-table\">\n<tbody>\n<tr>\n<td>Dagtarief (1 persoon)<\/td>\n<td>25,00 \u20ac<\/td>\n<\/tr>\n<tr>\n<td>Dagtarief (2 personen)<\/td>\n<td>40,00 \u20ac<\/td>\n<\/tr>\n<tr>\n<td>Schoonmaak<\/td>\n<td>10,00 \u20ac<\/td>\n<\/tr>\n<tr>\n<td>Reserveringskosten<\/td>\n<td>10,00 \u20ac<\/td>\n<\/tr>\n<tr>\n<td>Borg (cash)<\/td>\n<td>20,00 \u20ac<\/td>\n<\/tr>\n<\/tbody>\n<\/table>\n<p>Beddengoed 8,00\u20ac\/pers., Handdoeken 5,00\u20ac\/pers. OP AANVRAAG<\/p>\n<p><strong>Voorseizoen: 01.04. &#8211; 28.06.2026&nbsp; Hoogseizoen: 29.06. &#8211; 23.08.2026<\/strong><\/p>\n<p><strong>Naseizoen: 24.08. &#8211; 31.10.2026<\/strong><\/p>\n                                                            <div class=\"documents\">\r\n                                                                                                    <a class=\"btn-secondary docs wow fadeInUp\" data-wow-delay=\".0s\" target=\"_blank\" href=\"https:\/\/www.camping-bleesbruck.lu\/wp-content\/uploads\/2025\/10\/Vermietung_NLD_26.pdf\">\r\n                                        <span>Prijzen en voorwaarden<\/span>\r\n                                    <\/a>\r\n                                                                                                        <a class=\"btn-secondary docs wow fadeInUp\" data-wow-delay=\".1s\" target=\"_blank\" href=\"https:\/\/www.camping-bleesbruck.lu\/wp-content\/uploads\/2024\/11\/Inventar_Chambre-ami.pdf\">\r\n                                        <span>Inventaris<\/span>\r\n                                    <\/a>\r\n                                                                                                    <\/div>\r\n                                                    <\/div>\r\n                                                <button class=\"btn btn-primary-alt wow fadeInUp\" data-wow-delay=\".3s\" data-toggle=\"modal\" data-target=\".content-block_88f5c8c121967624994b9e19efe60e5f-modal\">\r\n                            <span>Meer info<\/span>\r\n                        <\/button>\r\n                                                                                                <a class=\"btn btn-primary wow fadeInUp\" data-wow-delay=\".6s\" href=\"https:\/\/camping-bleesbruck.lu\/nl\/reservering\/\" target=\"\">\r\n                            <span>Reserveren<\/span>\r\n                        <\/a>\r\n                                            <\/div>\r\n                    <div class=\"col-lg-6 images p-0 wow fadeIn\">\r\n                        <div class=\"content-carousel\">\r\n                                                        <div class=\"item\" style=\"background-image: url(https:\/\/www.camping-bleesbruck.lu\/wp-content\/uploads\/2021\/04\/Chambre-dami_003-1024x678.jpg);\"><\/div>\r\n                                                        <div class=\"item\" style=\"background-image: url(https:\/\/www.camping-bleesbruck.lu\/wp-content\/uploads\/2021\/04\/Chambre-dami_001-1024x683.jpg);\"><\/div>\r\n                                                        <div class=\"item\" style=\"background-image: url(https:\/\/www.camping-bleesbruck.lu\/wp-content\/uploads\/2021\/04\/Chambre-dami_002-678x1024.jpg);\"><\/div>\r\n                                                    <\/div>\r\n                    <\/div>\r\n                <\/div>\r\n            <\/div>\r\n            <\/div>\n\n<div class=\"container-fluid content-block white\" id=\"vakantiewoning\">\r\n            <div class=\"modal fade content-block_6653b12e0e4ee64187ff1b9df8dbc381-modal\" tabindex=\"-1\" role=\"dialog\" aria-labelledby=\"content-block_6653b12e0e4ee64187ff1b9df8dbc381-modal\" aria-hidden=\"true\">\r\n            <div class=\"modal-dialog modal-lg\">\r\n                <div class=\"modal-content\">\r\n                    <div class=\"modal-header\">\r\n                        <button type=\"button\" class=\"close\" data-dismiss=\"modal\" aria-label=\"Close\">\r\n                            <i class=\"fas fa-times\"><\/i>\r\n                        <\/button>\r\n                    <\/div>\r\n                    <div class=\"row m-0\">\r\n                        <div class=\"col-lg-6 text pt-0 py-lg-5 pb-5 px-5\">\r\n                                                        <span class=\"h3 wow fadeInDown\">Vakantiewoning<\/span>\r\n                                                                                    <h2 >Huur onze vakantiewoning!<\/h2>\r\n                                                        <div class=\"text-content\">\r\n                                <div class=\"ce-text\">\n<p>Onze vakantiewoning is het hele jaar te huren! Ruimte voor 8 personen<\/p>\n<p>U beschikt over 100m2<\/p>\n<ul>\n<li>2 slaapkamers<\/li>\n<li>Badkamer, separate WC<\/li>\n<li>Grote woon- en eetkamer met ingerichte keuken en TV<\/li>\n<li>Indien nodig is er ook een slaapkamer met 4 eenpersoonsbedden<\/li>\n<li>Gratis Wifi<\/li>\n<li>Parkeerplaats direct bij het appartement<\/li>\n<li>Rustig gelegen<\/li>\n<li>Terras in het groen<\/li>\n<li><strong>Reserveringskosten 10\u20ac<\/strong><\/li>\n<li><strong>Beddengoed en handdoeken zijn inbegrepen<\/strong><\/li>\n<li><strong>Geen huisdieren toegelaten<\/strong><\/li>\n<\/ul>\n<\/div>\n<h3>Prijzen<\/h3>\n<table style=\"height: 559px;\" width=\"642\" data-mce-style=\"height: 559px;\" class=\"mce-item-table\">\n<tbody>\n<tr>\n<td><strong>&nbsp;<\/strong><\/td>\n<td><strong>Voor\/ Naseizoen<\/strong><\/td>\n<td><strong>Hoogseizoen<\/strong><\/td>\n<\/tr>\n<tr>\n<td>Week (- 4 pers, 7 nachten)<\/td>\n<td>900,00 \u20ac<\/td>\n<td>1350,00 \u20ac<\/td>\n<\/tr>\n<tr>\n<td>Weekend FR-MO (2-4 pers, 3 nachten)<\/td>\n<td>450,00 \u20ac<\/td>\n<td>650,00 \u20ac<\/td>\n<\/tr>\n<tr>\n<td>Extra persoon (per dag)<\/td>\n<td>15,00 \u20ac<\/td>\n<td>15,00 \u20ac<\/td>\n<\/tr>\n<tr>\n<td>Kinderen 0 &#8211; 3 jaar<\/td>\n<td>gratis<\/td>\n<td>gratis<\/td>\n<\/tr>\n<tr>\n<td>Schoonmaak<\/td>\n<td>90,00 \u20ac<\/td>\n<td>90,00 \u20ac<\/td>\n<\/tr>\n<tr>\n<td>Reserveringskosten<\/td>\n<td>10,00 \u20ac<\/td>\n<td>10,00 \u20ac<\/td>\n<\/tr>\n<tr>\n<td>Borg (cash)<\/td>\n<td>100,00 \u20ac<\/td>\n<td>100,00 \u20ac<\/td>\n<\/tr>\n<\/tbody>\n<\/table>\n<table class=\"price mce-item-table\">\n<tbody>\n<tr>\n<td class=\"column-1\">01.11.2025 &#8211; 31.03.2026 per week, 4 pers<\/td>\n<td class=\"align-right column-2\">780,00 \u20ac<\/td>\n<\/tr>\n<\/tbody>\n<tbody>\n<tr>\n<td class=\"column-1\">01.11.2025 &#8211; 31.03.2026 Weekend, 4 pers<\/td>\n<td class=\"align-right column-2\">450,00 \u20ac<\/td>\n<\/tr>\n<\/tbody>\n<\/table>\n<div class=\"ce-text\">\n<p><strong>Voorseizoen: 01.04. &#8211; 28.06.2026&nbsp; Hoogseizoen: 29.06. &#8211; 23.08.2026<\/strong><\/p>\n<p><strong>Naseizoen: 24.08. &#8211; 31.10.2026<\/strong><\/p>\n<\/div>\n                                                                    <div class=\"documents\">\r\n                                                                                                                <a class=\"btn-secondary\" data-wow-delay=\".0s\" target=\"_blank\" href=\"https:\/\/www.camping-bleesbruck.lu\/wp-content\/uploads\/2025\/10\/Vermietung_NLD_26.pdf\">\r\n                                            <span>Prijzen en voorwaarden<\/span>\r\n                                        <\/a>\r\n                                                                                                                    <a class=\"btn-secondary\" data-wow-delay=\".1s\" target=\"_blank\" href=\"https:\/\/www.camping-bleesbruck.lu\/wp-content\/uploads\/2024\/11\/Inventar_Ferienwohnung.pdf\">\r\n                                            <span>Inventaris<\/span>\r\n                                        <\/a>\r\n                                                                                                                <\/div>\r\n                                                            <\/div>\r\n                                                        <a class=\"btn btn-primary\" data-wow-delay=\".6s\" href=\"https:\/\/camping-bleesbruck.lu\/nl\/reservering\/\" target=\"\">\r\n                                <span>Reserveren<\/span>\r\n                            <\/a>\r\n                                                    <\/div>\r\n                        <div class=\"col-lg-6 images p-0\">\r\n                            <div class=\"content-carousel\">\r\n                                                                <div class=\"item\" style=\"background-image: url(https:\/\/www.camping-bleesbruck.lu\/wp-content\/uploads\/2021\/04\/Ferienwohnung_002-680x1024.jpg);\"><\/div>\r\n                                                                <div class=\"item\" style=\"background-image: url(https:\/\/www.camping-bleesbruck.lu\/wp-content\/uploads\/2021\/04\/Ferienwohnung_003-1024x680.jpg);\"><\/div>\r\n                                                                <div class=\"item\" style=\"background-image: url(https:\/\/www.camping-bleesbruck.lu\/wp-content\/uploads\/2021\/04\/Ferienwohnung_004-1024x680.jpg);\"><\/div>\r\n                                                                <div class=\"item\" style=\"background-image: url(https:\/\/www.camping-bleesbruck.lu\/wp-content\/uploads\/2021\/04\/Ferienwohnung_005-1024x683.jpg);\"><\/div>\r\n                                                                <div class=\"item\" style=\"background-image: url(https:\/\/www.camping-bleesbruck.lu\/wp-content\/uploads\/2021\/04\/Ferienwohnung_006-1024x683.jpg);\"><\/div>\r\n                                                                <div class=\"item\" style=\"background-image: url(https:\/\/www.camping-bleesbruck.lu\/wp-content\/uploads\/2021\/04\/Ferienwohnung_007-1024x683.jpg);\"><\/div>\r\n                                                                <div class=\"item\" style=\"background-image: url(https:\/\/www.camping-bleesbruck.lu\/wp-content\/uploads\/2021\/04\/Ferienwohnung_008-1024x683.jpg);\"><\/div>\r\n                                                                <div class=\"item\" style=\"background-image: url(https:\/\/www.camping-bleesbruck.lu\/wp-content\/uploads\/2021\/04\/Ferienwohnung_001-1024x683.jpg);\"><\/div>\r\n                                                            <\/div>\r\n                        <\/div>\r\n                    <\/div>\r\n                <\/div>\r\n            <\/div>\r\n        <\/div>   \r\n                    <div class=\"container py-5\">\r\n                <div class=\"row\">\r\n                    <div class=\"col-lg-6 text\">\r\n                                                <span class=\"h3 wow fadeInDown\">Vakantiewoning<\/span>\r\n                                                                                                            <h2 class=\"wow fadeIn\" data-wow-delay=\".2s\">Huur onze vakantiewoning!<\/h2>\r\n                                                                                                    <div class=\"text-content wow fadeIn content-cut\">\r\n                            <div class=\"ce-text\">\n<p>Onze vakantiewoning is het hele jaar te huren! Ruimte voor 8 personen<\/p>\n<p>U beschikt over 100m2<\/p>\n<ul>\n<li>2 slaapkamers<\/li>\n<li>Badkamer, separate WC<\/li>\n<li>Grote woon- en eetkamer met ingerichte keuken en TV<\/li>\n<li>Indien nodig is er ook een slaapkamer met 4 eenpersoonsbedden<\/li>\n<li>Gratis Wifi<\/li>\n<li>Parkeerplaats direct bij het appartement<\/li>\n<li>Rustig gelegen<\/li>\n<li>Terras in het groen<\/li>\n<li><strong>Reserveringskosten 10\u20ac<\/strong><\/li>\n<li><strong>Beddengoed en handdoeken zijn inbegrepen<\/strong><\/li>\n<li><strong>Geen huisdieren toegelaten<\/strong><\/li>\n<\/ul>\n<\/div>\n<h3>Prijzen<\/h3>\n<table style=\"height: 559px;\" width=\"642\" data-mce-style=\"height: 559px;\" class=\"mce-item-table\">\n<tbody>\n<tr>\n<td><strong>&nbsp;<\/strong><\/td>\n<td><strong>Voor\/ Naseizoen<\/strong><\/td>\n<td><strong>Hoogseizoen<\/strong><\/td>\n<\/tr>\n<tr>\n<td>Week (- 4 pers, 7 nachten)<\/td>\n<td>900,00 \u20ac<\/td>\n<td>1350,00 \u20ac<\/td>\n<\/tr>\n<tr>\n<td>Weekend FR-MO (2-4 pers, 3 nachten)<\/td>\n<td>450,00 \u20ac<\/td>\n<td>650,00 \u20ac<\/td>\n<\/tr>\n<tr>\n<td>Extra persoon (per dag)<\/td>\n<td>15,00 \u20ac<\/td>\n<td>15,00 \u20ac<\/td>\n<\/tr>\n<tr>\n<td>Kinderen 0 &#8211; 3 jaar<\/td>\n<td>gratis<\/td>\n<td>gratis<\/td>\n<\/tr>\n<tr>\n<td>Schoonmaak<\/td>\n<td>90,00 \u20ac<\/td>\n<td>90,00 \u20ac<\/td>\n<\/tr>\n<tr>\n<td>Reserveringskosten<\/td>\n<td>10,00 \u20ac<\/td>\n<td>10,00 \u20ac<\/td>\n<\/tr>\n<tr>\n<td>Borg (cash)<\/td>\n<td>100,00 \u20ac<\/td>\n<td>100,00 \u20ac<\/td>\n<\/tr>\n<\/tbody>\n<\/table>\n<table class=\"price mce-item-table\">\n<tbody>\n<tr>\n<td class=\"column-1\">01.11.2025 &#8211; 31.03.2026 per week, 4 pers<\/td>\n<td class=\"align-right column-2\">780,00 \u20ac<\/td>\n<\/tr>\n<\/tbody>\n<tbody>\n<tr>\n<td class=\"column-1\">01.11.2025 &#8211; 31.03.2026 Weekend, 4 pers<\/td>\n<td class=\"align-right column-2\">450,00 \u20ac<\/td>\n<\/tr>\n<\/tbody>\n<\/table>\n<div class=\"ce-text\">\n<p><strong>Voorseizoen: 01.04. &#8211; 28.06.2026&nbsp; Hoogseizoen: 29.06. &#8211; 23.08.2026<\/strong><\/p>\n<p><strong>Naseizoen: 24.08. &#8211; 31.10.2026<\/strong><\/p>\n<\/div>\n                                                            <div class=\"documents\">\r\n                                                                                                    <a class=\"btn-secondary docs wow fadeInUp\" data-wow-delay=\".0s\" target=\"_blank\" href=\"https:\/\/www.camping-bleesbruck.lu\/wp-content\/uploads\/2025\/10\/Vermietung_NLD_26.pdf\">\r\n                                        <span>Prijzen en voorwaarden<\/span>\r\n                                    <\/a>\r\n                                                                                                        <a class=\"btn-secondary docs wow fadeInUp\" data-wow-delay=\".1s\" target=\"_blank\" href=\"https:\/\/www.camping-bleesbruck.lu\/wp-content\/uploads\/2024\/11\/Inventar_Ferienwohnung.pdf\">\r\n                                        <span>Inventaris<\/span>\r\n                                    <\/a>\r\n                                                                                                    <\/div>\r\n                                                    <\/div>\r\n                                                <button class=\"btn btn-primary-alt wow fadeInUp\" data-wow-delay=\".3s\" data-toggle=\"modal\" data-target=\".content-block_6653b12e0e4ee64187ff1b9df8dbc381-modal\">\r\n                            <span>Meer info<\/span>\r\n                        <\/button>\r\n                                                                                                <a class=\"btn btn-primary wow fadeInUp\" data-wow-delay=\".6s\" href=\"https:\/\/camping-bleesbruck.lu\/nl\/reservering\/\" target=\"\">\r\n                            <span>Reserveren<\/span>\r\n                        <\/a>\r\n                                            <\/div>\r\n                    <div class=\"col-lg-6 images p-0 wow fadeIn\">\r\n                        <div class=\"content-carousel\">\r\n                                                        <div class=\"item\" style=\"background-image: url(https:\/\/www.camping-bleesbruck.lu\/wp-content\/uploads\/2021\/04\/Ferienwohnung_002-680x1024.jpg);\"><\/div>\r\n                                                        <div class=\"item\" style=\"background-image: url(https:\/\/www.camping-bleesbruck.lu\/wp-content\/uploads\/2021\/04\/Ferienwohnung_003-1024x680.jpg);\"><\/div>\r\n                                                        <div class=\"item\" style=\"background-image: url(https:\/\/www.camping-bleesbruck.lu\/wp-content\/uploads\/2021\/04\/Ferienwohnung_004-1024x680.jpg);\"><\/div>\r\n                                                        <div class=\"item\" style=\"background-image: url(https:\/\/www.camping-bleesbruck.lu\/wp-content\/uploads\/2021\/04\/Ferienwohnung_005-1024x683.jpg);\"><\/div>\r\n                                                        <div class=\"item\" style=\"background-image: url(https:\/\/www.camping-bleesbruck.lu\/wp-content\/uploads\/2021\/04\/Ferienwohnung_006-1024x683.jpg);\"><\/div>\r\n                                                        <div class=\"item\" style=\"background-image: url(https:\/\/www.camping-bleesbruck.lu\/wp-content\/uploads\/2021\/04\/Ferienwohnung_007-1024x683.jpg);\"><\/div>\r\n                                                        <div class=\"item\" style=\"background-image: url(https:\/\/www.camping-bleesbruck.lu\/wp-content\/uploads\/2021\/04\/Ferienwohnung_008-1024x683.jpg);\"><\/div>\r\n                                                        <div class=\"item\" style=\"background-image: url(https:\/\/www.camping-bleesbruck.lu\/wp-content\/uploads\/2021\/04\/Ferienwohnung_001-1024x683.jpg);\"><\/div>\r\n                                                    <\/div>\r\n                    <\/div>\r\n                <\/div>\r\n            <\/div>\r\n            <\/div>\n\n<div class=\"container-fluid grey py-5\">\r\n    <div class=\"container\">\r\n        <div class=\"row\">\r\n            <a href=\"https:\/\/camping-bleesbruck.lu\/nl\/reservering\/\" target=\"\" class=\"col-lg-9 panel_left wow fadeInLeft mb-5 mb-lg-0\" style=\"background-image: url(https:\/\/www.camping-bleesbruck.lu\/wp-content\/uploads\/2021\/04\/Platz_002-1024x683.jpg);\">\r\n                <span>\r\n                    <span class=\"h3\">Wordt onze gast!<\/span>\r\n                    <h2>Online reservering<\/h2>\r\n                    <h4><strong>Open van<\/strong><\/h4>\n<h4><strong>1 april tot 31 oktober<\/strong><\/h4>\n<p>We kijken uit naar uw bezoek<\/p>\n                <\/span>\r\n            <\/a>\r\n\t\t\t            <a href=\"https:\/\/www.camping-bleesbruck.lu\/wp-content\/uploads\/2024\/04\/Bleesbruck_Camping_Plan_2024-1.png\" target=\"_blank\" class=\"col-lg-3 panel_right text-center my-0 wow fadeInRight p-0 px-lg-3\">\r\n\t\t\t\t                <span>\r\n                    <p class=\"h3\">Camping<\/p>\r\n                    <h2>Plan<\/h2>\r\n                    <?xml version=\"1.0\" encoding=\"iso-8859-1\"?>\n<!-- Generator: Adobe Illustrator 19.0.0, SVG Export Plug-In . SVG Version: 6.00 Build 0)  -->\n<svg version=\"1.1\" id=\"Capa_1\" xmlns=\"http:\/\/www.w3.org\/2000\/svg\" xmlns:xlink=\"http:\/\/www.w3.org\/1999\/xlink\" x=\"0px\" y=\"0px\"\n\t viewBox=\"0 0 420 420\" style=\"enable-background:new 0 0 420 420;\" xml:space=\"preserve\">\n<g id=\"XMLID_11_\">\n\t<path id=\"XMLID_944_\" d=\"M310.937,127C307.234,74.547,263.38,33,210,33s-97.234,41.547-100.937,94H0v260h420V127H310.937z\n\t\t M390,283.81l-122.017-32.538c18.315-25.029,36.042-57.541,41.496-94.271H390V283.81z M138.804,134.195\n\t\tC138.804,94.938,170.743,63,210,63c39.257,0,71.196,31.938,71.196,71.195c0,62.81-49.907,117.251-71.213,137.627\n\t\tC188.666,251.496,138.804,197.208,138.804,134.195z M30,157h80.521c3.801,25.594,13.559,49.139,25.327,69.533L61.295,357H30V157z\n\t\t M95.848,357l58.569-102.495c22.094,29.352,44.286,47.644,46.127,49.139l9.456,7.68l9.456-7.68\n\t\tc1.316-1.069,13.044-10.732,27.696-26.88L390,314.857V357H95.848z\"\/>\n\t<path id=\"XMLID_950_\" d=\"M255,142c0-24.813-20.187-45-45-45s-45,20.187-45,45s20.187,45,45,45S255,166.814,255,142z M195,142\n\t\tc0-8.271,6.729-15,15-15s15,6.729,15,15s-6.729,15-15,15S195,150.271,195,142z\"\/>\n<\/g>\n<g>\n<\/g>\n<g>\n<\/g>\n<g>\n<\/g>\n<g>\n<\/g>\n<g>\n<\/g>\n<g>\n<\/g>\n<g>\n<\/g>\n<g>\n<\/g>\n<g>\n<\/g>\n<g>\n<\/g>\n<g>\n<\/g>\n<g>\n<\/g>\n<g>\n<\/g>\n<g>\n<\/g>\n<g>\n<\/g>\n<\/svg>\n                <\/span>\r\n            <\/a>\r\n        <\/div>\r\n    <\/div>\r\n<\/div>\n\n<div class=\"container-fluid content-block white\" id=\"\">\r\n                    <div class=\"container text-center py-5\">\r\n                                                                <div class=\"wow fadeIn\">\r\n                                    <\/div>\r\n                                                            <\/div>\r\n            <\/div>\n\n<div class=\"container-fluid content-block blue\" id=\"kampeerplaats\">\r\n                    <div class=\"container py-5\">\r\n                <div class=\"row\">\r\n                    <div class=\"col-lg-6 text\">\r\n                                                <span class=\"h3 wow fadeInDown\">Kampeerplaats<\/span>\r\n                                                                                                            <h2 class=\"wow fadeIn\" data-wow-delay=\".2s\">Je reist met de caravan of andere<\/h2>\r\n                                                                                                    <div class=\"text-content wow fadeIn \">\r\n                            <p>Op een van onze <strong>staanplaatsen<\/strong> op gras kunt u met uw caravan, camper of tent bij ons genieten van de zon. Onze kampeerplaatsen hebben allemaal elektriciteit (10A).<\/p>\n<p>Verder zijn er 4 bevestigte <strong>camperplaatsen<\/strong> met stroom- en wateraansluiting. De campers kunnen grijs water afvoeren en vers water tanken bij onze servicestation.<\/p>\n                                                            <div class=\"documents\">\r\n                                                                                                    <a class=\"btn-secondary docs wow fadeInUp\" data-wow-delay=\".0s\" target=\"_blank\" href=\"https:\/\/www.camping-bleesbruck.lu\/wp-content\/uploads\/2025\/10\/Tagestarif_NLD_26.pdf\">\r\n                                        <span>Dagtarieven staanplaats<\/span>\r\n                                    <\/a>\r\n                                                                                                    <\/div>\r\n                                                    <\/div>\r\n                                                                                                <a class=\"btn btn-primary wow fadeInUp\" data-wow-delay=\".6s\" href=\"https:\/\/camping-bleesbruck.lu\/nl\/reservering\/\" target=\"\">\r\n                            <span>Reserveren<\/span>\r\n                        <\/a>\r\n                                            <\/div>\r\n                    <div class=\"col-lg-6 images p-0 wow fadeIn\">\r\n                        <div class=\"content-carousel\">\r\n                                                        <div class=\"item\" style=\"background-image: url(https:\/\/www.camping-bleesbruck.lu\/wp-content\/uploads\/2021\/06\/Stellplatz-1024x768.jpg);\"><\/div>\r\n                                                        <div class=\"item\" style=\"background-image: url(https:\/\/www.camping-bleesbruck.lu\/wp-content\/uploads\/2021\/06\/Camperplatz_1-1024x678.jpg);\"><\/div>\r\n                                                        <div class=\"item\" style=\"background-image: url(https:\/\/www.camping-bleesbruck.lu\/wp-content\/uploads\/2021\/06\/Camperport-1024x576.jpg);\"><\/div>\r\n                                                    <\/div>\r\n                    <\/div>\r\n                <\/div>\r\n            <\/div>\r\n            <\/div>\n\n<div class=\"container-fluid content-block grey\" id=\"naturistenterrein\">\r\n            <div class=\"modal fade content-block_6bf9fb1ef9502d9ee5761915ee8eaf0c-modal\" tabindex=\"-1\" role=\"dialog\" aria-labelledby=\"content-block_6bf9fb1ef9502d9ee5761915ee8eaf0c-modal\" aria-hidden=\"true\">\r\n            <div class=\"modal-dialog modal-lg\">\r\n                <div class=\"modal-content\">\r\n                    <div class=\"modal-header\">\r\n                        <button type=\"button\" class=\"close\" data-dismiss=\"modal\" aria-label=\"Close\">\r\n                            <i class=\"fas fa-times\"><\/i>\r\n                        <\/button>\r\n                    <\/div>\r\n                    <div class=\"row m-0\">\r\n                        <div class=\"col-lg-6 text pt-0 py-lg-5 pb-5 px-5\">\r\n                                                        <span class=\"h3 wow fadeInDown\">Naturistenterrein<\/span>\r\n                                                                                    <h2 >Geniet van de rust en ruimte<\/h2>\r\n                                                        <div class=\"text-content\">\r\n                                <p>Omdat wij weten dat mensen tijdens hun vakantie graag van de rust en de zon genieten, bieden wij ook een textielvrij kampeergedeelte aan:<\/p>\n<ul>\n<li>Geopend van 01\/05 tot 30\/09<\/li>\n<li>Deze afgeschermde naturistenterrein ligt apart naast de textielruimte<\/li>\n<li>20 standplaatsen met elektriciteit zijn beschikbaar, evenals een sanitairgebouw<\/li>\n<li>Wij bieden u de mogelijkheid om de natuur te beleven in een kleine familiale omgeving.<\/li>\n<li><strong>De receptie bevindt zich op het textielgedeelte van de camping<\/strong><\/li>\n<li>Honden zijn hier ook toegelaten<\/li>\n<li>Wij zijn lid van INF-FNI<\/li>\n<\/ul>\n<p>Let op: u wordt alleen toegelaten indien u een van de lidmaatschapskaarten van de verschillende naturistenverenigingen kunt tonen.<\/p>\n                                                                    <div class=\"documents\">\r\n                                                                                                                <a class=\"btn-secondary\" data-wow-delay=\".0s\" target=\"_blank\" href=\"https:\/\/www.camping-bleesbruck.lu\/wp-content\/uploads\/2025\/10\/Tagestarif_NLD_26.pdf\">\r\n                                            <span>PRIJZEN EN VOORWAARDEN<\/span>\r\n                                        <\/a>\r\n                                                                                                                <\/div>\r\n                                                            <\/div>\r\n                                                        <a class=\"btn btn-primary\" data-wow-delay=\".6s\" href=\"https:\/\/camping-bleesbruck.lu\/nl\/reservering\/\" target=\"\">\r\n                                <span>Reserveren<\/span>\r\n                            <\/a>\r\n                                                    <\/div>\r\n                        <div class=\"col-lg-6 images p-0\">\r\n                            <div class=\"content-carousel\">\r\n                                                                <div class=\"item\" style=\"background-image: url(https:\/\/www.camping-bleesbruck.lu\/wp-content\/uploads\/2021\/04\/Polish_20200604_171129829-814b8f91-1024x1024.jpg);\"><\/div>\r\n                                                                <div class=\"item\" style=\"background-image: url(https:\/\/www.camping-bleesbruck.lu\/wp-content\/uploads\/2024\/06\/20240504_110051-1024x768.jpg);\"><\/div>\r\n                                                                <div class=\"item\" style=\"background-image: url(https:\/\/www.camping-bleesbruck.lu\/wp-content\/uploads\/2021\/04\/Polish_20200604_171229120-1ffd1a7c-1024x1024.jpg);\"><\/div>\r\n                                                                <div class=\"item\" style=\"background-image: url(https:\/\/www.camping-bleesbruck.lu\/wp-content\/uploads\/2021\/04\/Polish_20200604_171401858-0b75cf4e-1024x1024.jpg);\"><\/div>\r\n                                                                <div class=\"item\" style=\"background-image: url(https:\/\/www.camping-bleesbruck.lu\/wp-content\/uploads\/2021\/04\/Polish_20200604_171458385-1d96d17f-1024x1024.jpg);\"><\/div>\r\n                                                                <div class=\"item\" style=\"background-image: url(https:\/\/www.camping-bleesbruck.lu\/wp-content\/uploads\/2024\/06\/20240504_110038-1024x768.jpg);\"><\/div>\r\n                                                            <\/div>\r\n                        <\/div>\r\n                    <\/div>\r\n                <\/div>\r\n            <\/div>\r\n        <\/div>   \r\n                    <div class=\"container py-5\">\r\n                <div class=\"row\">\r\n                    <div class=\"col-lg-6 text\">\r\n                                                <span class=\"h3 wow fadeInDown\">Naturistenterrein<\/span>\r\n                                                                                                            <h2 class=\"wow fadeIn\" data-wow-delay=\".2s\">Geniet van de rust en ruimte<\/h2>\r\n                                                                                                    <div class=\"text-content wow fadeIn content-cut\">\r\n                            <p>Omdat wij weten dat mensen tijdens hun vakantie graag van de rust en de zon genieten, bieden wij ook een textielvrij kampeergedeelte aan:<\/p>\n<ul>\n<li>Geopend van 01\/05 tot 30\/09<\/li>\n<li>Deze afgeschermde naturistenterrein ligt apart naast de textielruimte<\/li>\n<li>20 standplaatsen met elektriciteit zijn beschikbaar, evenals een sanitairgebouw<\/li>\n<li>Wij bieden u de mogelijkheid om de natuur te beleven in een kleine familiale omgeving.<\/li>\n<li><strong>De receptie bevindt zich op het textielgedeelte van de camping<\/strong><\/li>\n<li>Honden zijn hier ook toegelaten<\/li>\n<li>Wij zijn lid van INF-FNI<\/li>\n<\/ul>\n<p>Let op: u wordt alleen toegelaten indien u een van de lidmaatschapskaarten van de verschillende naturistenverenigingen kunt tonen.<\/p>\n                                                            <div class=\"documents\">\r\n                                                                                                    <a class=\"btn-secondary docs wow fadeInUp\" data-wow-delay=\".0s\" target=\"_blank\" href=\"https:\/\/www.camping-bleesbruck.lu\/wp-content\/uploads\/2025\/10\/Tagestarif_NLD_26.pdf\">\r\n                                        <span>PRIJZEN EN VOORWAARDEN<\/span>\r\n                                    <\/a>\r\n                                                                                                    <\/div>\r\n                                                    <\/div>\r\n                                                <button class=\"btn btn-primary-alt wow fadeInUp\" data-wow-delay=\".3s\" data-toggle=\"modal\" data-target=\".content-block_6bf9fb1ef9502d9ee5761915ee8eaf0c-modal\">\r\n                            <span>Meer info<\/span>\r\n                        <\/button>\r\n                                                                                                <a class=\"btn btn-primary wow fadeInUp\" data-wow-delay=\".6s\" href=\"https:\/\/camping-bleesbruck.lu\/nl\/reservering\/\" target=\"\">\r\n                            <span>Reserveren<\/span>\r\n                        <\/a>\r\n                                            <\/div>\r\n                    <div class=\"col-lg-6 images p-0 wow fadeIn\">\r\n                        <div class=\"content-carousel\">\r\n                                                        <div class=\"item\" style=\"background-image: url(https:\/\/www.camping-bleesbruck.lu\/wp-content\/uploads\/2021\/04\/Polish_20200604_171129829-814b8f91-1024x1024.jpg);\"><\/div>\r\n                                                        <div class=\"item\" style=\"background-image: url(https:\/\/www.camping-bleesbruck.lu\/wp-content\/uploads\/2024\/06\/20240504_110051-1024x768.jpg);\"><\/div>\r\n                                                        <div class=\"item\" style=\"background-image: url(https:\/\/www.camping-bleesbruck.lu\/wp-content\/uploads\/2021\/04\/Polish_20200604_171229120-1ffd1a7c-1024x1024.jpg);\"><\/div>\r\n                                                        <div class=\"item\" style=\"background-image: url(https:\/\/www.camping-bleesbruck.lu\/wp-content\/uploads\/2021\/04\/Polish_20200604_171401858-0b75cf4e-1024x1024.jpg);\"><\/div>\r\n                                                        <div class=\"item\" style=\"background-image: url(https:\/\/www.camping-bleesbruck.lu\/wp-content\/uploads\/2021\/04\/Polish_20200604_171458385-1d96d17f-1024x1024.jpg);\"><\/div>\r\n                                                        <div class=\"item\" style=\"background-image: url(https:\/\/www.camping-bleesbruck.lu\/wp-content\/uploads\/2024\/06\/20240504_110038-1024x768.jpg);\"><\/div>\r\n                                                    <\/div>\r\n                    <\/div>\r\n                <\/div>\r\n            <\/div>\r\n            <\/div>\n\n<div class=\"container-fluid content-block white\" id=\"\">\r\n            <div class=\"modal fade content-block_3da711bf40f87a485d774a0c47267547-modal\" tabindex=\"-1\" role=\"dialog\" aria-labelledby=\"content-block_3da711bf40f87a485d774a0c47267547-modal\" aria-hidden=\"true\">\r\n            <div class=\"modal-dialog modal-lg\">\r\n                <div class=\"modal-content\">\r\n                    <div class=\"modal-header\">\r\n                        <button type=\"button\" class=\"close\" data-dismiss=\"modal\" aria-label=\"Close\">\r\n                            <i class=\"fas fa-times\"><\/i>\r\n                        <\/button>\r\n                    <\/div>\r\n                    <div class=\"row m-0\">\r\n                        <div class=\"col-lg-6 text pt-0 py-lg-5 pb-5 px-5\">\r\n                                                                                    <h2 >Onze services<\/h2>\r\n                                                        <div class=\"text-content\">\r\n                                <p><strong>Ontbijt in het restaurant<\/strong><\/p>\n<ul>\n<li>elke dag van 9h-11h<\/li>\n<li><a href=\"https:\/\/www.camping-bleesbruck.lu\/nl\/restaurant\/\"><strong>Ga naar het restaurant<\/strong><\/a><\/li>\n<\/ul>\n<p><strong>Kinderanimatie<\/strong><\/p>\n<ul>\n<li>Springkasteel beschikbaar bij mooi weer<\/li>\n<\/ul>\n<p><strong>Bagageservice<\/strong><\/p>\n<ul>\n<li>Gasten die te voet of met de fiets komen, kunnen de bagage naar de volgende locatie laten vervoeren.<\/li>\n<li><strong><a href=\"https:\/\/www.movewecarry.lu\/nl\/welkom.html\" target=\"_blank\" rel=\"noopener\">Boek hier je bagagevervoer !<\/a><\/strong><\/li>\n<\/ul>\n<p><strong>Lagerfeuer<\/strong><\/p>\n<ul>\n<li>Zin in een kampvuur? Haal je hout bij de receptie. <strong><a href=\"https:\/\/www.camping-bleesbruck.lu\/wp-content\/uploads\/2025\/04\/Lagerfeuer_25.pdf\" target=\"_blank\" rel=\"noopener\">Info hier<\/a><\/strong><\/li>\n<\/ul>\n<p><strong>Verkoop<\/strong><\/p>\n<p>Bij de receptie verkrijgbaar:<\/p>\n<ul>\n<li>Petjes \u2013 Camping Bleesbruck<\/li>\n<li>Magneten \u2013 Camping Bleesbruck<\/li>\n<li>Diverse wandelkaarten te koop en gratis<\/li>\n<li>lokale honing<\/li>\n<li>Cadeaubonnen<\/li>\n<li>Handgemaakte wenskaarten<\/li>\n<li>Postzegels<\/li>\n<li>en gratis stickers en ansichtkaarten van de camping<\/li>\n<\/ul>\n                                                            <\/div>\r\n                                                    <\/div>\r\n                        <div class=\"col-lg-6 images p-0\">\r\n                            <div class=\"content-carousel\">\r\n                                                                <div class=\"item\" style=\"background-image: url(https:\/\/www.camping-bleesbruck.lu\/wp-content\/uploads\/2021\/06\/noun_service_2082366.png);\"><\/div>\r\n                                                            <\/div>\r\n                        <\/div>\r\n                    <\/div>\r\n                <\/div>\r\n            <\/div>\r\n        <\/div>   \r\n                    <div class=\"container py-5\">\r\n                <div class=\"row\">\r\n                    <div class=\"col-lg-6 text\">\r\n                                                                                                            <h2 class=\"wow fadeIn\" data-wow-delay=\".2s\">Onze services<\/h2>\r\n                                                                                                    <div class=\"text-content wow fadeIn content-cut\">\r\n                            <p><strong>Ontbijt in het restaurant<\/strong><\/p>\n<ul>\n<li>elke dag van 9h-11h<\/li>\n<li><a href=\"https:\/\/www.camping-bleesbruck.lu\/nl\/restaurant\/\"><strong>Ga naar het restaurant<\/strong><\/a><\/li>\n<\/ul>\n<p><strong>Kinderanimatie<\/strong><\/p>\n<ul>\n<li>Springkasteel beschikbaar bij mooi weer<\/li>\n<\/ul>\n<p><strong>Bagageservice<\/strong><\/p>\n<ul>\n<li>Gasten die te voet of met de fiets komen, kunnen de bagage naar de volgende locatie laten vervoeren.<\/li>\n<li><strong><a href=\"https:\/\/www.movewecarry.lu\/nl\/welkom.html\" target=\"_blank\" rel=\"noopener\">Boek hier je bagagevervoer !<\/a><\/strong><\/li>\n<\/ul>\n<p><strong>Lagerfeuer<\/strong><\/p>\n<ul>\n<li>Zin in een kampvuur? Haal je hout bij de receptie. <strong><a href=\"https:\/\/www.camping-bleesbruck.lu\/wp-content\/uploads\/2025\/04\/Lagerfeuer_25.pdf\" target=\"_blank\" rel=\"noopener\">Info hier<\/a><\/strong><\/li>\n<\/ul>\n<p><strong>Verkoop<\/strong><\/p>\n<p>Bij de receptie verkrijgbaar:<\/p>\n<ul>\n<li>Petjes \u2013 Camping Bleesbruck<\/li>\n<li>Magneten \u2013 Camping Bleesbruck<\/li>\n<li>Diverse wandelkaarten te koop en gratis<\/li>\n<li>lokale honing<\/li>\n<li>Cadeaubonnen<\/li>\n<li>Handgemaakte wenskaarten<\/li>\n<li>Postzegels<\/li>\n<li>en gratis stickers en ansichtkaarten van de camping<\/li>\n<\/ul>\n                                                    <\/div>\r\n                                                <button class=\"btn btn-primary-alt wow fadeInUp\" data-wow-delay=\".3s\" data-toggle=\"modal\" data-target=\".content-block_3da711bf40f87a485d774a0c47267547-modal\">\r\n                            <span>Meer info<\/span>\r\n                        <\/button>\r\n                                                                                            <\/div>\r\n                    <div class=\"col-lg-6 images p-0 wow fadeIn\">\r\n                        <div class=\"content-carousel\">\r\n                                                        <div class=\"item\" style=\"background-image: url(https:\/\/www.camping-bleesbruck.lu\/wp-content\/uploads\/2021\/06\/noun_service_2082366.png);\"><\/div>\r\n                                                    <\/div>\r\n                    <\/div>\r\n                <\/div>\r\n            <\/div>\r\n            <\/div>\n\n<div class=\"container-fluid content-block grey\" id=\"voor-het-dagelijkse-leven\">\r\n            <div class=\"modal fade content-block_23c964037de487c7b343565e7246e687-modal\" tabindex=\"-1\" role=\"dialog\" aria-labelledby=\"content-block_23c964037de487c7b343565e7246e687-modal\" aria-hidden=\"true\">\r\n            <div class=\"modal-dialog modal-lg\">\r\n                <div class=\"modal-content\">\r\n                    <div class=\"modal-header\">\r\n                        <button type=\"button\" class=\"close\" data-dismiss=\"modal\" aria-label=\"Close\">\r\n                            <i class=\"fas fa-times\"><\/i>\r\n                        <\/button>\r\n                    <\/div>\r\n                    <div class=\"row m-0\">\r\n                        <div class=\"col-lg-6 text pt-0 py-lg-5 pb-5 px-5\">\r\n                                                        <span class=\"h3 wow fadeInDown\">Voor het dagelijkse leven<\/span>\r\n                                                                                    <h2 >Sanitair &#038; Recycling<\/h2>\r\n                                                        <div class=\"text-content\">\r\n                                <h4>Sanitair<\/h4>\n<p>Zodat u uw vakantie bij ons gemakkelijk en comfortabel kunt verbrengen, bieden wij u goed onderhouden en schone sanitaire gebouwen.<\/p>\n<p>Hier vindt u <strong>toiletten<\/strong> en <strong>douches<\/strong>, een <strong>babyruimte,<\/strong> <strong>voorzieningen voor gehandicapten<\/strong> en een <strong>wassalon<\/strong>.<\/p>\n<p>Alle gebouwen zijn goed bereikbaar en verwarmd. Onze douches werken met een oplaadbare kaart (1\u20ac voor 5 min). Vergoeding bij vertrek.<\/p>\n<p>Wij schenken veel aandacht aan een schone en verzorgde sanitaire ruimte, zodat uw vakantie voor u een optimale belevenis wordt.<\/p>\n<p>Op het naturistenterrein is er een apart sanitair voor u.<\/p>\n<p><strong>Wasmachine<\/strong> en <strong>droger<\/strong> alsook <strong>wasbak<\/strong> zijn beschikbaar.<\/p>\n<h4>Recycling<\/h4>\n<p>Wij respecteren de natuur en het milieu en willen die dan ook zo goed mogelijk beschermen en bijdragen aan de verwijdering en scheiding van afval. Wij vragen onze gasten hetzelfde te doen. In de recycling vindt u de nodige informatie, wat gescheiden moet worden en hoe. Mocht u nog vragen hebben, neem dan gerust contact met ons op.<\/p>\n<ul>\n<li>Restafval<\/li>\n<li>Papier, karton<\/li>\n<li>Blauwe zak: plastic flessen, folie, verpakkingen, drankkartons, blikjes, metalen verpakkingen<\/li>\n<li>Glazen flessen, hol glas<\/li>\n<\/ul>\n<p>Sinds 2004 zijn wij lid bij de &#8221; Superdr\u00e9ckskescht fir Betriiber &#8220;.<\/p>\n                                                            <\/div>\r\n                                                    <\/div>\r\n                        <div class=\"col-lg-6 images p-0\">\r\n                            <div class=\"content-carousel\">\r\n                                                                <div class=\"item\" style=\"background-image: url(https:\/\/www.camping-bleesbruck.lu\/wp-content\/uploads\/2021\/06\/Sanitaer1-801x1024.jpg);\"><\/div>\r\n                                                                <div class=\"item\" style=\"background-image: url(https:\/\/www.camping-bleesbruck.lu\/wp-content\/uploads\/2021\/06\/Recycling-1024x682.jpg);\"><\/div>\r\n                                                                <div class=\"item\" style=\"background-image: url(https:\/\/www.camping-bleesbruck.lu\/wp-content\/uploads\/2021\/06\/sanitaer1-1-1024x768.jpg);\"><\/div>\r\n                                                                <div class=\"item\" style=\"background-image: url(https:\/\/www.camping-bleesbruck.lu\/wp-content\/uploads\/2021\/06\/sanitaer2-768x1024.jpg);\"><\/div>\r\n                                                                <div class=\"item\" style=\"background-image: url(https:\/\/www.camping-bleesbruck.lu\/wp-content\/uploads\/2021\/06\/babyroom-1024x741.jpg);\"><\/div>\r\n                                                                <div class=\"item\" style=\"background-image: url(https:\/\/www.camping-bleesbruck.lu\/wp-content\/uploads\/2021\/06\/Recycling_2-1024x587.jpg);\"><\/div>\r\n                                                            <\/div>\r\n                        <\/div>\r\n                    <\/div>\r\n                <\/div>\r\n            <\/div>\r\n        <\/div>   \r\n                    <div class=\"container py-5\">\r\n                <div class=\"row\">\r\n                    <div class=\"col-lg-6 text\">\r\n                                                <span class=\"h3 wow fadeInDown\">Voor het dagelijkse leven<\/span>\r\n                                                                                                            <h2 class=\"wow fadeIn\" data-wow-delay=\".2s\">Sanitair &#038; Recycling<\/h2>\r\n                                                                                                    <div class=\"text-content wow fadeIn content-cut\">\r\n                            <h4>Sanitair<\/h4>\n<p>Zodat u uw vakantie bij ons gemakkelijk en comfortabel kunt verbrengen, bieden wij u goed onderhouden en schone sanitaire gebouwen.<\/p>\n<p>Hier vindt u <strong>toiletten<\/strong> en <strong>douches<\/strong>, een <strong>babyruimte,<\/strong> <strong>voorzieningen voor gehandicapten<\/strong> en een <strong>wassalon<\/strong>.<\/p>\n<p>Alle gebouwen zijn goed bereikbaar en verwarmd. Onze douches werken met een oplaadbare kaart (1\u20ac voor 5 min). Vergoeding bij vertrek.<\/p>\n<p>Wij schenken veel aandacht aan een schone en verzorgde sanitaire ruimte, zodat uw vakantie voor u een optimale belevenis wordt.<\/p>\n<p>Op het naturistenterrein is er een apart sanitair voor u.<\/p>\n<p><strong>Wasmachine<\/strong> en <strong>droger<\/strong> alsook <strong>wasbak<\/strong> zijn beschikbaar.<\/p>\n<h4>Recycling<\/h4>\n<p>Wij respecteren de natuur en het milieu en willen die dan ook zo goed mogelijk beschermen en bijdragen aan de verwijdering en scheiding van afval. Wij vragen onze gasten hetzelfde te doen. In de recycling vindt u de nodige informatie, wat gescheiden moet worden en hoe. Mocht u nog vragen hebben, neem dan gerust contact met ons op.<\/p>\n<ul>\n<li>Restafval<\/li>\n<li>Papier, karton<\/li>\n<li>Blauwe zak: plastic flessen, folie, verpakkingen, drankkartons, blikjes, metalen verpakkingen<\/li>\n<li>Glazen flessen, hol glas<\/li>\n<\/ul>\n<p>Sinds 2004 zijn wij lid bij de &#8221; Superdr\u00e9ckskescht fir Betriiber &#8220;.<\/p>\n                                                    <\/div>\r\n                                                <button class=\"btn btn-primary-alt wow fadeInUp\" data-wow-delay=\".3s\" data-toggle=\"modal\" data-target=\".content-block_23c964037de487c7b343565e7246e687-modal\">\r\n                            <span>Meer info<\/span>\r\n                        <\/button>\r\n                                                                                            <\/div>\r\n                    <div class=\"col-lg-6 images p-0 wow fadeIn\">\r\n                        <div class=\"content-carousel\">\r\n                                                        <div class=\"item\" style=\"background-image: url(https:\/\/www.camping-bleesbruck.lu\/wp-content\/uploads\/2021\/06\/Sanitaer1-801x1024.jpg);\"><\/div>\r\n                                                        <div class=\"item\" style=\"background-image: url(https:\/\/www.camping-bleesbruck.lu\/wp-content\/uploads\/2021\/06\/Recycling-1024x682.jpg);\"><\/div>\r\n                                                        <div class=\"item\" style=\"background-image: url(https:\/\/www.camping-bleesbruck.lu\/wp-content\/uploads\/2021\/06\/sanitaer1-1-1024x768.jpg);\"><\/div>\r\n                                                        <div class=\"item\" style=\"background-image: url(https:\/\/www.camping-bleesbruck.lu\/wp-content\/uploads\/2021\/06\/sanitaer2-768x1024.jpg);\"><\/div>\r\n                                                        <div class=\"item\" style=\"background-image: url(https:\/\/www.camping-bleesbruck.lu\/wp-content\/uploads\/2021\/06\/babyroom-1024x741.jpg);\"><\/div>\r\n                                                        <div class=\"item\" style=\"background-image: url(https:\/\/www.camping-bleesbruck.lu\/wp-content\/uploads\/2021\/06\/Recycling_2-1024x587.jpg);\"><\/div>\r\n                                                    <\/div>\r\n                    <\/div>\r\n                <\/div>\r\n            <\/div>\r\n            <\/div>","protected":false},"excerpt":{"rendered":"","protected":false},"author":1,"featured_media":670,"parent":0,"menu_order":7,"comment_status":"closed","ping_status":"closed","template":"","meta":{"_acf_changed":false,"footnotes":""},"class_list":["post-2201","page","type-page","status-publish","has-post-thumbnail","hentry"],"acf":[],"yoast_head":"<!-- This site is optimized with the Yoast SEO plugin v27.5 - https:\/\/yoast.com\/product\/yoast-seo-wordpress\/ -->\n<title>De Camping - Camping Bleesbruck<\/title>\n<meta name=\"description\" content=\"Als u op zoek bent naar een kampeerplaats, huuraccommodaties of een afgelegen naturistenterrein, dan bent u bij ons aan het juiste adres.\" \/>\n<meta name=\"robots\" content=\"index, follow, max-snippet:-1, max-image-preview:large, max-video-preview:-1\" \/>\n<link rel=\"canonical\" href=\"https:\/\/www.camping-bleesbruck.lu\/nl\/camping\/\" \/>\n<meta property=\"og:locale\" content=\"nl_NL\" \/>\n<meta property=\"og:type\" content=\"article\" \/>\n<meta property=\"og:title\" content=\"De Camping - Camping Bleesbruck\" \/>\n<meta property=\"og:description\" content=\"Als u op zoek bent naar een kampeerplaats, huuraccommodaties of een afgelegen naturistenterrein, dan bent u bij ons aan het juiste adres.\" \/>\n<meta property=\"og:url\" content=\"https:\/\/www.camping-bleesbruck.lu\/nl\/camping\/\" \/>\n<meta property=\"og:site_name\" content=\"Camping Bleesbruck\" \/>\n<meta property=\"article:modified_time\" content=\"2026-04-15T11:23:57+00:00\" \/>\n<meta property=\"og:image\" content=\"https:\/\/www.camping-bleesbruck.lu\/wp-content\/uploads\/2021\/04\/Campingplatz_006.jpg\" \/>\n\t<meta property=\"og:image:width\" content=\"2560\" \/>\n\t<meta property=\"og:image:height\" content=\"1707\" \/>\n\t<meta property=\"og:image:type\" content=\"image\/jpeg\" \/>\n<meta name=\"twitter:card\" content=\"summary_large_image\" \/>\n<meta name=\"twitter:label1\" content=\"Geschatte leestijd\" \/>\n\t<meta name=\"twitter:data1\" content=\"1 minuut\" \/>\n<script type=\"application\/ld+json\" class=\"yoast-schema-graph\">{\"@context\":\"https:\\\/\\\/schema.org\",\"@graph\":[{\"@type\":\"WebPage\",\"@id\":\"https:\\\/\\\/www.camping-bleesbruck.lu\\\/nl\\\/camping\\\/\",\"url\":\"https:\\\/\\\/www.camping-bleesbruck.lu\\\/nl\\\/camping\\\/\",\"name\":\"De Camping - Camping Bleesbruck\",\"isPartOf\":{\"@id\":\"https:\\\/\\\/www.camping-bleesbruck.lu\\\/#website\"},\"primaryImageOfPage\":{\"@id\":\"https:\\\/\\\/www.camping-bleesbruck.lu\\\/nl\\\/camping\\\/#primaryimage\"},\"image\":{\"@id\":\"https:\\\/\\\/www.camping-bleesbruck.lu\\\/nl\\\/camping\\\/#primaryimage\"},\"thumbnailUrl\":\"https:\\\/\\\/www.camping-bleesbruck.lu\\\/wp-content\\\/uploads\\\/2021\\\/04\\\/Campingplatz_006.jpg\",\"datePublished\":\"2021-04-19T11:57:01+00:00\",\"dateModified\":\"2026-04-15T11:23:57+00:00\",\"description\":\"Als u op zoek bent naar een kampeerplaats, huuraccommodaties of een afgelegen naturistenterrein, dan bent u bij ons aan het juiste adres.\",\"breadcrumb\":{\"@id\":\"https:\\\/\\\/www.camping-bleesbruck.lu\\\/nl\\\/camping\\\/#breadcrumb\"},\"inLanguage\":\"nl-NL\",\"potentialAction\":[{\"@type\":\"ReadAction\",\"target\":[\"https:\\\/\\\/www.camping-bleesbruck.lu\\\/nl\\\/camping\\\/\"]}]},{\"@type\":\"ImageObject\",\"inLanguage\":\"nl-NL\",\"@id\":\"https:\\\/\\\/www.camping-bleesbruck.lu\\\/nl\\\/camping\\\/#primaryimage\",\"url\":\"https:\\\/\\\/www.camping-bleesbruck.lu\\\/wp-content\\\/uploads\\\/2021\\\/04\\\/Campingplatz_006.jpg\",\"contentUrl\":\"https:\\\/\\\/www.camping-bleesbruck.lu\\\/wp-content\\\/uploads\\\/2021\\\/04\\\/Campingplatz_006.jpg\",\"width\":2560,\"height\":1707},{\"@type\":\"BreadcrumbList\",\"@id\":\"https:\\\/\\\/www.camping-bleesbruck.lu\\\/nl\\\/camping\\\/#breadcrumb\",\"itemListElement\":[{\"@type\":\"ListItem\",\"position\":1,\"name\":\"Home\",\"item\":\"https:\\\/\\\/www.camping-bleesbruck.lu\\\/nl\\\/\"},{\"@type\":\"ListItem\",\"position\":2,\"name\":\"De Camping\"}]},{\"@type\":\"WebSite\",\"@id\":\"https:\\\/\\\/www.camping-bleesbruck.lu\\\/#website\",\"url\":\"https:\\\/\\\/www.camping-bleesbruck.lu\\\/\",\"name\":\"Camping Bleesbruck\",\"description\":\"Just another WordPress site\",\"potentialAction\":[{\"@type\":\"SearchAction\",\"target\":{\"@type\":\"EntryPoint\",\"urlTemplate\":\"https:\\\/\\\/www.camping-bleesbruck.lu\\\/?s={search_term_string}\"},\"query-input\":{\"@type\":\"PropertyValueSpecification\",\"valueRequired\":true,\"valueName\":\"search_term_string\"}}],\"inLanguage\":\"nl-NL\"}]}<\/script>\n<!-- \/ Yoast SEO plugin. -->","yoast_head_json":{"title":"De Camping - Camping Bleesbruck","description":"Als u op zoek bent naar een kampeerplaats, huuraccommodaties of een afgelegen naturistenterrein, dan bent u bij ons aan het juiste adres.","robots":{"index":"index","follow":"follow","max-snippet":"max-snippet:-1","max-image-preview":"max-image-preview:large","max-video-preview":"max-video-preview:-1"},"canonical":"https:\/\/www.camping-bleesbruck.lu\/nl\/camping\/","og_locale":"nl_NL","og_type":"article","og_title":"De Camping - Camping Bleesbruck","og_description":"Als u op zoek bent naar een kampeerplaats, huuraccommodaties of een afgelegen naturistenterrein, dan bent u bij ons aan het juiste adres.","og_url":"https:\/\/www.camping-bleesbruck.lu\/nl\/camping\/","og_site_name":"Camping Bleesbruck","article_modified_time":"2026-04-15T11:23:57+00:00","og_image":[{"width":2560,"height":1707,"url":"https:\/\/www.camping-bleesbruck.lu\/wp-content\/uploads\/2021\/04\/Campingplatz_006.jpg","type":"image\/jpeg"}],"twitter_card":"summary_large_image","twitter_misc":{"Geschatte leestijd":"1 minuut"},"schema":{"@context":"https:\/\/schema.org","@graph":[{"@type":"WebPage","@id":"https:\/\/www.camping-bleesbruck.lu\/nl\/camping\/","url":"https:\/\/www.camping-bleesbruck.lu\/nl\/camping\/","name":"De Camping - Camping Bleesbruck","isPartOf":{"@id":"https:\/\/www.camping-bleesbruck.lu\/#website"},"primaryImageOfPage":{"@id":"https:\/\/www.camping-bleesbruck.lu\/nl\/camping\/#primaryimage"},"image":{"@id":"https:\/\/www.camping-bleesbruck.lu\/nl\/camping\/#primaryimage"},"thumbnailUrl":"https:\/\/www.camping-bleesbruck.lu\/wp-content\/uploads\/2021\/04\/Campingplatz_006.jpg","datePublished":"2021-04-19T11:57:01+00:00","dateModified":"2026-04-15T11:23:57+00:00","description":"Als u op zoek bent naar een kampeerplaats, huuraccommodaties of een afgelegen naturistenterrein, dan bent u bij ons aan het juiste adres.","breadcrumb":{"@id":"https:\/\/www.camping-bleesbruck.lu\/nl\/camping\/#breadcrumb"},"inLanguage":"nl-NL","potentialAction":[{"@type":"ReadAction","target":["https:\/\/www.camping-bleesbruck.lu\/nl\/camping\/"]}]},{"@type":"ImageObject","inLanguage":"nl-NL","@id":"https:\/\/www.camping-bleesbruck.lu\/nl\/camping\/#primaryimage","url":"https:\/\/www.camping-bleesbruck.lu\/wp-content\/uploads\/2021\/04\/Campingplatz_006.jpg","contentUrl":"https:\/\/www.camping-bleesbruck.lu\/wp-content\/uploads\/2021\/04\/Campingplatz_006.jpg","width":2560,"height":1707},{"@type":"BreadcrumbList","@id":"https:\/\/www.camping-bleesbruck.lu\/nl\/camping\/#breadcrumb","itemListElement":[{"@type":"ListItem","position":1,"name":"Home","item":"https:\/\/www.camping-bleesbruck.lu\/nl\/"},{"@type":"ListItem","position":2,"name":"De Camping"}]},{"@type":"WebSite","@id":"https:\/\/www.camping-bleesbruck.lu\/#website","url":"https:\/\/www.camping-bleesbruck.lu\/","name":"Camping Bleesbruck","description":"Just another WordPress site","potentialAction":[{"@type":"SearchAction","target":{"@type":"EntryPoint","urlTemplate":"https:\/\/www.camping-bleesbruck.lu\/?s={search_term_string}"},"query-input":{"@type":"PropertyValueSpecification","valueRequired":true,"valueName":"search_term_string"}}],"inLanguage":"nl-NL"}]}},"_links":{"self":[{"href":"https:\/\/www.camping-bleesbruck.lu\/nl\/wp-json\/wp\/v2\/pages\/2201","targetHints":{"allow":["GET"]}}],"collection":[{"href":"https:\/\/www.camping-bleesbruck.lu\/nl\/wp-json\/wp\/v2\/pages"}],"about":[{"href":"https:\/\/www.camping-bleesbruck.lu\/nl\/wp-json\/wp\/v2\/types\/page"}],"author":[{"embeddable":true,"href":"https:\/\/www.camping-bleesbruck.lu\/nl\/wp-json\/wp\/v2\/users\/1"}],"replies":[{"embeddable":true,"href":"https:\/\/www.camping-bleesbruck.lu\/nl\/wp-json\/wp\/v2\/comments?post=2201"}],"version-history":[{"count":201,"href":"https:\/\/www.camping-bleesbruck.lu\/nl\/wp-json\/wp\/v2\/pages\/2201\/revisions"}],"predecessor-version":[{"id":12700,"href":"https:\/\/www.camping-bleesbruck.lu\/nl\/wp-json\/wp\/v2\/pages\/2201\/revisions\/12700"}],"wp:featuredmedia":[{"embeddable":true,"href":"https:\/\/www.camping-bleesbruck.lu\/nl\/wp-json\/wp\/v2\/media\/670"}],"wp:attachment":[{"href":"https:\/\/www.camping-bleesbruck.lu\/nl\/wp-json\/wp\/v2\/media?parent=2201"}],"curies":[{"name":"wp","href":"https:\/\/api.w.org\/{rel}","templated":true}]}}